{"id":6788,"date":"2024-05-14T11:28:49","date_gmt":"2024-05-14T11:28:49","guid":{"rendered":"https:\/\/newchapter.io\/?page_id=6788"},"modified":"2025-08-18T07:35:21","modified_gmt":"2025-08-18T07:35:21","slug":"news","status":"publish","type":"page","link":"https:\/\/newchapter.io\/en\/news\/","title":{"rendered":"News"},"content":{"rendered":"\t\t<div data-elementor-type=\"wp-page\" data-elementor-id=\"6788\" class=\"elementor elementor-6788\">\n\t\t\t\t\t\t<header class=\"elementor-section elementor-top-section elementor-element elementor-element-5f405064 elementor-section-height-min-height elementor-section-items-top elementor-section-boxed elementor-section-height-default\" data-id=\"5f405064\" data-element_type=\"section\" data-settings=\"{&quot;background_background&quot;:&quot;classic&quot;,&quot;animation&quot;:&quot;none&quot;}\">\n\t\t\t\t\t\t\t<div class=\"elementor-background-overlay\"><\/div>\n\t\t\t\t\t\t\t<div class=\"elementor-container elementor-column-gap-default\">\n\t\t\t\t\t<div class=\"elementor-column elementor-col-100 elementor-top-column elementor-element elementor-element-7e6f8ab\" data-id=\"7e6f8ab\" data-element_type=\"column\">\n\t\t\t<div class=\"elementor-widget-wrap elementor-element-populated\">\n\t\t\t\t\t\t<div class=\"elementor-element elementor-element-622d31d elementor-widget elementor-widget-image\" data-id=\"622d31d\" data-element_type=\"widget\" data-widget_type=\"image.default\">\n\t\t\t\t<div class=\"elementor-widget-container\">\n\t\t\t\t\t\t\t\t\t\t\t\t\t\t<a href=\"https:\/\/newchapter.io\/\">\n\t\t\t\t\t\t\t<img fetchpriority=\"high\" decoding=\"async\" width=\"1024\" height=\"372\" src=\"https:\/\/newchapter.io\/wp-content\/uploads\/2021\/05\/LOGO_NewChapter-1024x372.png\" class=\"attachment-large size-large wp-image-1736\" alt=\"New Chapter \u2013 Executive Search &amp; Leadership Advisory\" srcset=\"https:\/\/newchapter.io\/wp-content\/uploads\/2021\/05\/LOGO_NewChapter-1024x372.png 1024w, https:\/\/newchapter.io\/wp-content\/uploads\/2021\/05\/LOGO_NewChapter-300x109.png 300w, https:\/\/newchapter.io\/wp-content\/uploads\/2021\/05\/LOGO_NewChapter-768x279.png 768w, https:\/\/newchapter.io\/wp-content\/uploads\/2021\/05\/LOGO_NewChapter-1536x558.png 1536w, https:\/\/newchapter.io\/wp-content\/uploads\/2021\/05\/LOGO_NewChapter.png 2000w\" sizes=\"(max-width: 1024px) 100vw, 1024px\" \/>\t\t\t\t\t\t\t\t<\/a>\n\t\t\t\t\t\t\t\t\t\t\t\t\t<\/div>\n\t\t\t\t<\/div>\n\t\t\t\t<div class=\"elementor-element elementor-element-1530e72 elementor-nav-menu__align-center elementor-nav-menu__text-align-center elementor-nav-menu--stretch elementor-nav-menu--dropdown-tablet elementor-nav-menu--toggle elementor-nav-menu--burger elementor-widget elementor-widget-nav-menu\" data-id=\"1530e72\" data-element_type=\"widget\" data-settings=\"{&quot;motion_fx_motion_fx_mouse&quot;:&quot;yes&quot;,&quot;full_width&quot;:&quot;stretch&quot;,&quot;submenu_icon&quot;:{&quot;value&quot;:&quot;&lt;i class=\\&quot;\\&quot;&gt;&lt;\\\/i&gt;&quot;,&quot;library&quot;:&quot;&quot;},&quot;layout&quot;:&quot;horizontal&quot;,&quot;toggle&quot;:&quot;burger&quot;}\" data-widget_type=\"nav-menu.default\">\n\t\t\t\t<div class=\"elementor-widget-container\">\n\t\t\t\t\t\t<nav migration_allowed=\"1\" migrated=\"0\" role=\"navigation\" class=\"elementor-nav-menu--main elementor-nav-menu__container elementor-nav-menu--layout-horizontal e--pointer-text e--animation-grow\"><ul id=\"menu-1-1530e72\" class=\"elementor-nav-menu\"><li class=\"menu-item menu-item-type-post_type menu-item-object-page menu-item-home menu-item-4241\"><a href=\"https:\/\/newchapter.io\/en\/\" class=\"elementor-item\">about<\/a><\/li>\n<li class=\"menu-item menu-item-type-post_type menu-item-object-page menu-item-4240\"><a href=\"https:\/\/newchapter.io\/en\/services\/\" class=\"elementor-item\">services<\/a><\/li>\n<li class=\"menu-item menu-item-type-post_type menu-item-object-page menu-item-4465\"><a href=\"https:\/\/newchapter.io\/en\/team\/\" class=\"elementor-item\">team<\/a><\/li>\n<li class=\"menu-item menu-item-type-post_type menu-item-object-page menu-item-7694\"><a href=\"https:\/\/newchapter.io\/en\/credentials\/\" class=\"elementor-item\">credentials<\/a><\/li>\n<li class=\"menu-item menu-item-type-post_type menu-item-object-page menu-item-7135\"><a href=\"https:\/\/newchapter.io\/en\/news\/\" class=\"elementor-item\">news<\/a><\/li>\n<li class=\"menu-item menu-item-type-post_type menu-item-object-page menu-item-5607\"><a href=\"https:\/\/newchapter.io\/en\/partnerships\/\" class=\"elementor-item\">partnerships<\/a><\/li>\n<li class=\"menu-item menu-item-type-post_type menu-item-object-page menu-item-4237\"><a href=\"https:\/\/newchapter.io\/en\/contact\/\" class=\"elementor-item\">contact<\/a><\/li>\n<\/ul><\/nav>\n\t\t\t\t\t<div class=\"elementor-menu-toggle\" role=\"button\" tabindex=\"0\" aria-label=\"Menu Toggle\" aria-expanded=\"false\">\n\t\t\t<i aria-hidden=\"true\" role=\"presentation\" class=\"eicon-menu-bar\"><\/i>\t\t\t<span class=\"elementor-screen-only\">Menu<\/span>\n\t\t<\/div>\n\t\t\t<nav class=\"elementor-nav-menu--dropdown elementor-nav-menu__container\" role=\"navigation\" aria-hidden=\"true\"><ul id=\"menu-2-1530e72\" class=\"elementor-nav-menu\"><li class=\"menu-item menu-item-type-post_type menu-item-object-page menu-item-home menu-item-4241\"><a href=\"https:\/\/newchapter.io\/en\/\" class=\"elementor-item\" tabindex=\"-1\">about<\/a><\/li>\n<li class=\"menu-item menu-item-type-post_type menu-item-object-page menu-item-4240\"><a href=\"https:\/\/newchapter.io\/en\/services\/\" class=\"elementor-item\" tabindex=\"-1\">services<\/a><\/li>\n<li class=\"menu-item menu-item-type-post_type menu-item-object-page menu-item-4465\"><a href=\"https:\/\/newchapter.io\/en\/team\/\" class=\"elementor-item\" tabindex=\"-1\">team<\/a><\/li>\n<li class=\"menu-item menu-item-type-post_type menu-item-object-page menu-item-7694\"><a href=\"https:\/\/newchapter.io\/en\/credentials\/\" class=\"elementor-item\" tabindex=\"-1\">credentials<\/a><\/li>\n<li class=\"menu-item menu-item-type-post_type menu-item-object-page menu-item-7135\"><a href=\"https:\/\/newchapter.io\/en\/news\/\" class=\"elementor-item\" tabindex=\"-1\">news<\/a><\/li>\n<li class=\"menu-item menu-item-type-post_type menu-item-object-page menu-item-5607\"><a href=\"https:\/\/newchapter.io\/en\/partnerships\/\" class=\"elementor-item\" tabindex=\"-1\">partnerships<\/a><\/li>\n<li class=\"menu-item menu-item-type-post_type menu-item-object-page menu-item-4237\"><a href=\"https:\/\/newchapter.io\/en\/contact\/\" class=\"elementor-item\" tabindex=\"-1\">contact<\/a><\/li>\n<\/ul><\/nav>\n\t\t\t\t<\/div>\n\t\t\t\t<\/div>\n\t\t\t\t<div class=\"elementor-element elementor-element-21b72ac elementor-widget elementor-widget-spacer\" data-id=\"21b72ac\" data-element_type=\"widget\" data-widget_type=\"spacer.default\">\n\t\t\t\t<div class=\"elementor-widget-container\">\n\t\t\t\t\t<div class=\"elementor-spacer\">\n\t\t\t<div class=\"elementor-spacer-inner\"><\/div>\n\t\t<\/div>\n\t\t\t\t<\/div>\n\t\t\t\t<\/div>\n\t\t\t\t<div class=\"elementor-element elementor-element-9c2fb9a elementor-widget elementor-widget-heading\" data-id=\"9c2fb9a\" data-element_type=\"widget\" data-widget_type=\"heading.default\">\n\t\t\t\t<div class=\"elementor-widget-container\">\n\t\t\t<h2 class=\"elementor-heading-title elementor-size-default\">In den Chefetagen werden die Krawatten\n\nausgezogen. Wir hatten nie welche an...<\/h2>\t\t<\/div>\n\t\t\t\t<\/div>\n\t\t\t\t<div class=\"elementor-element elementor-element-c0c95b7 elementor-widget elementor-widget-menu-anchor\" data-id=\"c0c95b7\" data-element_type=\"widget\" data-widget_type=\"menu-anchor.default\">\n\t\t\t\t<div class=\"elementor-widget-container\">\n\t\t\t\t\t<div class=\"elementor-menu-anchor\" id=\"about\"><\/div>\n\t\t\t\t<\/div>\n\t\t\t\t<\/div>\n\t\t\t\t\t<\/div>\n\t\t<\/div>\n\t\t\t\t\t<\/div>\n\t\t<\/header>\n\t\t\t\t<header class=\"elementor-section elementor-top-section elementor-element elementor-element-549420e5 elementor-section-full_width elementor-section-content-middle elementor-section-height-default elementor-section-height-default\" data-id=\"549420e5\" data-element_type=\"section\" data-settings=\"{&quot;background_background&quot;:&quot;classic&quot;}\">\n\t\t\t\t\t\t\t<div class=\"elementor-background-overlay\"><\/div>\n\t\t\t\t\t\t\t<div class=\"elementor-container elementor-column-gap-default\">\n\t\t\t\t\t<div class=\"elementor-column elementor-col-100 elementor-top-column elementor-element elementor-element-3d932d00\" data-id=\"3d932d00\" data-element_type=\"column\">\n\t\t\t<div class=\"elementor-widget-wrap elementor-element-populated\">\n\t\t\t\t\t\t<section class=\"elementor-section elementor-inner-section elementor-element elementor-element-6f7894fa elementor-section-full_width elementor-section-height-default elementor-section-height-default\" data-id=\"6f7894fa\" data-element_type=\"section\">\n\t\t\t\t\t\t<div class=\"elementor-container elementor-column-gap-default\">\n\t\t\t\t\t<div class=\"elementor-column elementor-col-50 elementor-inner-column elementor-element elementor-element-1a4bd808\" data-id=\"1a4bd808\" data-element_type=\"column\">\n\t\t\t<div class=\"elementor-widget-wrap elementor-element-populated\">\n\t\t\t\t\t\t<div class=\"elementor-element elementor-element-26a65d9b elementor-widget-mobile__width-initial elementor-widget elementor-widget-heading\" data-id=\"26a65d9b\" data-element_type=\"widget\" data-settings=\"{&quot;_animation&quot;:&quot;none&quot;}\" data-widget_type=\"heading.default\">\n\t\t\t\t<div class=\"elementor-widget-container\">\n\t\t\t<h1 class=\"elementor-heading-title elementor-size-default\">news<\/h1>\t\t<\/div>\n\t\t\t\t<\/div>\n\t\t\t\t\t<\/div>\n\t\t<\/div>\n\t\t\t\t<div class=\"elementor-column elementor-col-50 elementor-inner-column elementor-element elementor-element-463f9834\" data-id=\"463f9834\" data-element_type=\"column\">\n\t\t\t<div class=\"elementor-widget-wrap elementor-element-populated\">\n\t\t\t\t\t\t<div class=\"elementor-element elementor-element-613e89ed elementor-invisible elementor-widget elementor-widget-image\" data-id=\"613e89ed\" data-element_type=\"widget\" data-settings=\"{&quot;_animation&quot;:&quot;fadeInUp&quot;}\" data-widget_type=\"image.default\">\n\t\t\t\t<div class=\"elementor-widget-container\">\n\t\t\t\t\t\t\t\t\t\t\t\t\t<img decoding=\"async\" width=\"500\" height=\"500\" src=\"https:\/\/newchapter.io\/wp-content\/uploads\/2021\/05\/LOGO_Vogel_RGB.png\" class=\"attachment-medium_large size-medium_large wp-image-1046\" alt=\"New Chapter \u2013 Executive Search &amp; Leadership Advisory\" srcset=\"https:\/\/newchapter.io\/wp-content\/uploads\/2021\/05\/LOGO_Vogel_RGB.png 500w, https:\/\/newchapter.io\/wp-content\/uploads\/2021\/05\/LOGO_Vogel_RGB-300x300.png 300w, https:\/\/newchapter.io\/wp-content\/uploads\/2021\/05\/LOGO_Vogel_RGB-150x150.png 150w\" sizes=\"(max-width: 500px) 100vw, 500px\" \/>\t\t\t\t\t\t\t\t\t\t\t\t\t<\/div>\n\t\t\t\t<\/div>\n\t\t\t\t\t<\/div>\n\t\t<\/div>\n\t\t\t\t\t<\/div>\n\t\t<\/section>\n\t\t\t\t\t<\/div>\n\t\t<\/div>\n\t\t\t\t\t<\/div>\n\t\t<\/header>\n\t\t\t\t<header class=\"elementor-section elementor-top-section elementor-element elementor-element-3280425a elementor-section-height-min-height elementor-section-items-top elementor-section-boxed elementor-section-height-default\" data-id=\"3280425a\" data-element_type=\"section\" data-settings=\"{&quot;background_background&quot;:&quot;classic&quot;,&quot;animation&quot;:&quot;none&quot;}\">\n\t\t\t\t\t\t\t<div class=\"elementor-background-overlay\"><\/div>\n\t\t\t\t\t\t\t<div class=\"elementor-container elementor-column-gap-default\">\n\t\t\t\t\t<div class=\"elementor-column elementor-col-100 elementor-top-column elementor-element elementor-element-4f067c09\" data-id=\"4f067c09\" data-element_type=\"column\">\n\t\t\t<div class=\"elementor-widget-wrap elementor-element-populated\">\n\t\t\t\t\t\t<div class=\"elementor-element elementor-element-2edd841 elementor-widget elementor-widget-text-editor\" data-id=\"2edd841\" data-element_type=\"widget\" data-widget_type=\"text-editor.default\">\n\t\t\t\t<div class=\"elementor-widget-container\">\n\t\t\t\t\t\t\t<h1 style=\"font-variant-ligatures: normal; font-variant-caps: normal; font-family: 'Roboto Condensed', sans-serif; font-style: normal; font-weight: var( --e-global-typography-primary-font-weight ); text-transform: none; letter-spacing: 1px; text-align: center;\" data-elementor-setting-key=\"title\" data-pen-placeholder=\"Type Here...\"><span style=\"font-size: 30px;\">Hier bekommen Sie einen guten Eindruck von dem, was uns bewegt&#8230;<\/span><\/h1>\t\t\t\t\t\t<\/div>\n\t\t\t\t<\/div>\n\t\t\t\t<div class=\"elementor-element elementor-element-fb54c01 elementor-posts--align-left elementor-grid-3 elementor-grid-tablet-2 elementor-grid-mobile-1 elementor-posts--thumbnail-top elementor-card-shadow-yes elementor-posts__hover-gradient elementor-widget elementor-widget-posts\" data-id=\"fb54c01\" data-element_type=\"widget\" data-settings=\"{&quot;cards_row_gap&quot;:{&quot;unit&quot;:&quot;px&quot;,&quot;size&quot;:7,&quot;sizes&quot;:[]},&quot;cards_columns&quot;:&quot;3&quot;,&quot;cards_columns_tablet&quot;:&quot;2&quot;,&quot;cards_columns_mobile&quot;:&quot;1&quot;}\" data-widget_type=\"posts.cards\">\n\t\t\t\t<div class=\"elementor-widget-container\">\n\t\t\t\t\t<div class=\"elementor-posts-container elementor-posts elementor-posts--skin-cards elementor-grid\">\n\t\t\t\t<article class=\"elementor-post elementor-grid-item post-8990 post type-post status-publish format-standard has-post-thumbnail hentry category-allgemein entry has-media\">\n\t\t\t<div class=\"elementor-post__card\">\n\t\t\t\t<a class=\"elementor-post__thumbnail__link\" href=\"https:\/\/newchapter.io\/en\/her-second-act-karriere-neustart-ab-40\/\" target=\"_blank\">\n\t\t\t<div class=\"elementor-post__thumbnail\"><img width=\"1024\" height=\"1024\" src=\"https:\/\/newchapter.io\/wp-content\/uploads\/2024\/02\/podcast.webp\" class=\"attachment-1536x1536 size-1536x1536 wp-image-6934\" alt=\"\" decoding=\"async\" srcset=\"https:\/\/newchapter.io\/wp-content\/uploads\/2024\/02\/podcast.webp 1024w, https:\/\/newchapter.io\/wp-content\/uploads\/2024\/02\/podcast-300x300.webp 300w, https:\/\/newchapter.io\/wp-content\/uploads\/2024\/02\/podcast-150x150.webp 150w, https:\/\/newchapter.io\/wp-content\/uploads\/2024\/02\/podcast-768x768.webp 768w, https:\/\/newchapter.io\/wp-content\/uploads\/2024\/02\/podcast-12x12.webp 12w, https:\/\/newchapter.io\/wp-content\/uploads\/2024\/02\/podcast-600x600.webp 600w\" sizes=\"(max-width: 1024px) 100vw, 1024px\" \/><\/div>\n\t\t<\/a>\n\t\t\t\t<div class=\"elementor-post__text\">\n\t\t\t\t<h3 class=\"elementor-post__title\">\n\t\t\t<a href=\"https:\/\/newchapter.io\/en\/her-second-act-karriere-neustart-ab-40\/\" target=\"_blank\">\n\t\t\t\tHer Second Act &#8211; Karriere-Neustart ab 40\t\t\t<\/a>\n\t\t<\/h3>\n\t\t\t\t<div class=\"elementor-post__excerpt\">\n\t\t\t<p>Anne im Gespr\u00e4ch mit Frau Dr. Valerie Kirchberger. <\/p>\n\t\t<\/div>\n\t\t\t\t\t<a class=\"elementor-post__read-more\" href=\"https:\/\/newchapter.io\/en\/her-second-act-karriere-neustart-ab-40\/\" target=\"_blank\">\n\t\t\t\tWeiterlesen \u00bb\t\t\t<\/a>\n\t\t\t\t<\/div>\n\t\t\t\t<div class=\"elementor-post__meta-data\">\n\t\t\t\t\t<span class=\"elementor-post-date\">\n\t\t\tJanuary 28, 2026\t\t<\/span>\n\t\t\t\t<\/div>\n\t\t\t\t\t<\/div>\n\t\t<\/article>\n\t\t\t\t<article class=\"elementor-post elementor-grid-item post-8985 post type-post status-publish format-standard has-post-thumbnail hentry category-allgemein entry has-media\">\n\t\t\t<div class=\"elementor-post__card\">\n\t\t\t\t<a class=\"elementor-post__thumbnail__link\" href=\"https:\/\/newchapter.io\/en\/jahresauftakt-2026-in-flensburg\/\" target=\"_blank\">\n\t\t\t<div class=\"elementor-post__thumbnail\"><img loading=\"lazy\" width=\"1536\" height=\"831\" src=\"https:\/\/newchapter.io\/wp-content\/uploads\/2026\/01\/IMG_1752-1536x831.jpg\" class=\"attachment-1536x1536 size-1536x1536 wp-image-8986\" alt=\"\" decoding=\"async\" srcset=\"https:\/\/newchapter.io\/wp-content\/uploads\/2026\/01\/IMG_1752-1536x831.jpg 1536w, https:\/\/newchapter.io\/wp-content\/uploads\/2026\/01\/IMG_1752-300x162.jpg 300w, https:\/\/newchapter.io\/wp-content\/uploads\/2026\/01\/IMG_1752-1024x554.jpg 1024w, https:\/\/newchapter.io\/wp-content\/uploads\/2026\/01\/IMG_1752-768x415.jpg 768w, https:\/\/newchapter.io\/wp-content\/uploads\/2026\/01\/IMG_1752-2048x1108.jpg 2048w, https:\/\/newchapter.io\/wp-content\/uploads\/2026\/01\/IMG_1752-18x10.jpg 18w\" sizes=\"(max-width: 1536px) 100vw, 1536px\" \/><\/div>\n\t\t<\/a>\n\t\t\t\t<div class=\"elementor-post__text\">\n\t\t\t\t<h3 class=\"elementor-post__title\">\n\t\t\t<a href=\"https:\/\/newchapter.io\/en\/jahresauftakt-2026-in-flensburg\/\" target=\"_blank\">\n\t\t\t\tJahresauftakt 2026 in Flensburg\t\t\t<\/a>\n\t\t<\/h3>\n\t\t\t\t<div class=\"elementor-post__excerpt\">\n\t\t\t<p>No Kings. Just Team. W\u00e4hrend sich in Davos wieder die Weltpolitik und globale Wirtschaftstrends die Klinke in die Hand geben, haben wir uns<\/p>\n\t\t<\/div>\n\t\t\t\t\t<a class=\"elementor-post__read-more\" href=\"https:\/\/newchapter.io\/en\/jahresauftakt-2026-in-flensburg\/\" target=\"_blank\">\n\t\t\t\tWeiterlesen \u00bb\t\t\t<\/a>\n\t\t\t\t<\/div>\n\t\t\t\t<div class=\"elementor-post__meta-data\">\n\t\t\t\t\t<span class=\"elementor-post-date\">\n\t\t\tJanuary 27, 2026\t\t<\/span>\n\t\t\t\t<\/div>\n\t\t\t\t\t<\/div>\n\t\t<\/article>\n\t\t\t\t<article class=\"elementor-post elementor-grid-item post-8978 post type-post status-publish format-standard has-post-thumbnail hentry category-allgemein entry has-media\">\n\t\t\t<div class=\"elementor-post__card\">\n\t\t\t\t<a class=\"elementor-post__thumbnail__link\" href=\"https:\/\/newchapter.io\/en\/happy-new-year-2026-wuenscht-new-chapter\/\" target=\"_blank\">\n\t\t\t<div class=\"elementor-post__thumbnail\"><img loading=\"lazy\" width=\"1536\" height=\"888\" src=\"https:\/\/newchapter.io\/wp-content\/uploads\/2026\/01\/Screenshot-2026-01-07-102229-1536x888.png\" class=\"attachment-1536x1536 size-1536x1536 wp-image-8972\" alt=\"\" decoding=\"async\" srcset=\"https:\/\/newchapter.io\/wp-content\/uploads\/2026\/01\/Screenshot-2026-01-07-102229-1536x888.png 1536w, https:\/\/newchapter.io\/wp-content\/uploads\/2026\/01\/Screenshot-2026-01-07-102229-300x173.png 300w, https:\/\/newchapter.io\/wp-content\/uploads\/2026\/01\/Screenshot-2026-01-07-102229-1024x592.png 1024w, https:\/\/newchapter.io\/wp-content\/uploads\/2026\/01\/Screenshot-2026-01-07-102229-768x444.png 768w, https:\/\/newchapter.io\/wp-content\/uploads\/2026\/01\/Screenshot-2026-01-07-102229-18x10.png 18w, https:\/\/newchapter.io\/wp-content\/uploads\/2026\/01\/Screenshot-2026-01-07-102229.png 1662w\" sizes=\"(max-width: 1536px) 100vw, 1536px\" \/><\/div>\n\t\t<\/a>\n\t\t\t\t<div class=\"elementor-post__text\">\n\t\t\t\t<h3 class=\"elementor-post__title\">\n\t\t\t<a href=\"https:\/\/newchapter.io\/en\/happy-new-year-2026-wuenscht-new-chapter\/\" target=\"_blank\">\n\t\t\t\tHappy New Year 2026 w\u00fcnscht New Chapter!\t\t\t<\/a>\n\t\t<\/h3>\n\t\t\t\t<div class=\"elementor-post__excerpt\">\n\t\t\t<p>Das vergangene Jahr war f\u00fcr New Chapter gepr\u00e4gt von intensiver Zusammenarbeit, anspruchsvollen Mandaten und vielen Begegnungen, die uns in guter Erinnerung bleiben. <\/p>\n\t\t<\/div>\n\t\t\t\t\t<a class=\"elementor-post__read-more\" href=\"https:\/\/newchapter.io\/en\/happy-new-year-2026-wuenscht-new-chapter\/\" target=\"_blank\">\n\t\t\t\tWeiterlesen \u00bb\t\t\t<\/a>\n\t\t\t\t<\/div>\n\t\t\t\t<div class=\"elementor-post__meta-data\">\n\t\t\t\t\t<span class=\"elementor-post-date\">\n\t\t\tJanuary 7, 2026\t\t<\/span>\n\t\t\t\t<\/div>\n\t\t\t\t\t<\/div>\n\t\t<\/article>\n\t\t\t\t<article class=\"elementor-post elementor-grid-item post-8927 post type-post status-publish format-standard has-post-thumbnail hentry category-allgemein entry has-media\">\n\t\t\t<div class=\"elementor-post__card\">\n\t\t\t\t<a class=\"elementor-post__thumbnail__link\" href=\"https:\/\/newchapter.io\/en\/wir-sind-wiederholt-ausgezeichnet-%f0%9f%8e%89\/\" target=\"_blank\">\n\t\t\t<div class=\"elementor-post__thumbnail\"><img loading=\"lazy\" width=\"425\" height=\"638\" src=\"https:\/\/newchapter.io\/wp-content\/uploads\/2025\/12\/WiWo_Beste_Personalberater_2025_New_Chapter_Executive_Search.jpg\" class=\"attachment-1536x1536 size-1536x1536 wp-image-8923\" alt=\"\" decoding=\"async\" srcset=\"https:\/\/newchapter.io\/wp-content\/uploads\/2025\/12\/WiWo_Beste_Personalberater_2025_New_Chapter_Executive_Search.jpg 425w, https:\/\/newchapter.io\/wp-content\/uploads\/2025\/12\/WiWo_Beste_Personalberater_2025_New_Chapter_Executive_Search-200x300.jpg 200w, https:\/\/newchapter.io\/wp-content\/uploads\/2025\/12\/WiWo_Beste_Personalberater_2025_New_Chapter_Executive_Search-8x12.jpg 8w\" sizes=\"(max-width: 425px) 100vw, 425px\" \/><\/div>\n\t\t<\/a>\n\t\t\t\t<div class=\"elementor-post__text\">\n\t\t\t\t<h3 class=\"elementor-post__title\">\n\t\t\t<a href=\"https:\/\/newchapter.io\/en\/wir-sind-wiederholt-ausgezeichnet-%f0%9f%8e%89\/\" target=\"_blank\">\n\t\t\t\tWir sind wiederholt ausgezeichnet! <strong>\ud83c\udf89<\/strong>\t\t\t<\/a>\n\t\t<\/h3>\n\t\t\t\t<div class=\"elementor-post__excerpt\">\n\t\t\t<p>Zum zweiten Mal in Folge wurde die New Chapter Executive Search GmbH im WirtschaftsWoche-Ranking&nbsp;\u201eBeste Personalberater\u201c&nbsp;ausgezeichnet &#8211; und darauf sind wir sehr stolz. Als<\/p>\n\t\t<\/div>\n\t\t\t\t\t<a class=\"elementor-post__read-more\" href=\"https:\/\/newchapter.io\/en\/wir-sind-wiederholt-ausgezeichnet-%f0%9f%8e%89\/\" target=\"_blank\">\n\t\t\t\tWeiterlesen \u00bb\t\t\t<\/a>\n\t\t\t\t<\/div>\n\t\t\t\t<div class=\"elementor-post__meta-data\">\n\t\t\t\t\t<span class=\"elementor-post-date\">\n\t\t\tDecember 15, 2025\t\t<\/span>\n\t\t\t\t<\/div>\n\t\t\t\t\t<\/div>\n\t\t<\/article>\n\t\t\t\t<article class=\"elementor-post elementor-grid-item post-8391 post type-post status-publish format-standard has-post-thumbnail hentry category-allgemein entry has-media\">\n\t\t\t<div class=\"elementor-post__card\">\n\t\t\t\t<a class=\"elementor-post__thumbnail__link\" href=\"https:\/\/newchapter.io\/en\/team-get-together-in-hamburg-2025\/\" target=\"_blank\">\n\t\t\t<div class=\"elementor-post__thumbnail\"><img loading=\"lazy\" width=\"1280\" height=\"960\" src=\"https:\/\/newchapter.io\/wp-content\/uploads\/2025\/06\/Foto1-Blick.jpg\" class=\"attachment-1536x1536 size-1536x1536 wp-image-8392\" alt=\"\" decoding=\"async\" srcset=\"https:\/\/newchapter.io\/wp-content\/uploads\/2025\/06\/Foto1-Blick.jpg 1280w, https:\/\/newchapter.io\/wp-content\/uploads\/2025\/06\/Foto1-Blick-300x225.jpg 300w, https:\/\/newchapter.io\/wp-content\/uploads\/2025\/06\/Foto1-Blick-1024x768.jpg 1024w, https:\/\/newchapter.io\/wp-content\/uploads\/2025\/06\/Foto1-Blick-768x576.jpg 768w, https:\/\/newchapter.io\/wp-content\/uploads\/2025\/06\/Foto1-Blick-16x12.jpg 16w\" sizes=\"(max-width: 1280px) 100vw, 1280px\" \/><\/div>\n\t\t<\/a>\n\t\t\t\t<div class=\"elementor-post__text\">\n\t\t\t\t<h3 class=\"elementor-post__title\">\n\t\t\t<a href=\"https:\/\/newchapter.io\/en\/team-get-together-in-hamburg-2025\/\" target=\"_blank\">\n\t\t\t\tTeam-get-together in Hamburg 2025\t\t\t<\/a>\n\t\t<\/h3>\n\t\t\t\t<div class=\"elementor-post__excerpt\">\n\t\t\t<p>Anfang Juni war es endlich wieder so weit: Unser gesamtes Team von New Chapter kam, wie schon im Vorjahr, f\u00fcr zwei inspirierende Tage<\/p>\n\t\t<\/div>\n\t\t\t\t\t<a class=\"elementor-post__read-more\" href=\"https:\/\/newchapter.io\/en\/team-get-together-in-hamburg-2025\/\" target=\"_blank\">\n\t\t\t\tWeiterlesen \u00bb\t\t\t<\/a>\n\t\t\t\t<\/div>\n\t\t\t\t<div class=\"elementor-post__meta-data\">\n\t\t\t\t\t<span class=\"elementor-post-date\">\n\t\t\tJune 4, 2025\t\t<\/span>\n\t\t\t\t<\/div>\n\t\t\t\t\t<\/div>\n\t\t<\/article>\n\t\t\t\t<article class=\"elementor-post elementor-grid-item post-8099 post type-post status-publish format-standard has-post-thumbnail hentry category-allgemein entry has-media\">\n\t\t\t<div class=\"elementor-post__card\">\n\t\t\t\t<a class=\"elementor-post__thumbnail__link\" href=\"https:\/\/newchapter.io\/en\/jahresauftakt-in-der-lueneburger-heide\/\" target=\"_blank\">\n\t\t\t<div class=\"elementor-post__thumbnail\"><img loading=\"lazy\" width=\"1536\" height=\"1024\" src=\"https:\/\/newchapter.io\/wp-content\/uploads\/2025\/02\/Gruppe-Camp-Reinsehlen-1536x1024.jpg\" class=\"attachment-1536x1536 size-1536x1536 wp-image-8100\" alt=\"\" decoding=\"async\" srcset=\"https:\/\/newchapter.io\/wp-content\/uploads\/2025\/02\/Gruppe-Camp-Reinsehlen-1536x1024.jpg 1536w, https:\/\/newchapter.io\/wp-content\/uploads\/2025\/02\/Gruppe-Camp-Reinsehlen-300x200.jpg 300w, https:\/\/newchapter.io\/wp-content\/uploads\/2025\/02\/Gruppe-Camp-Reinsehlen-1024x682.jpg 1024w, https:\/\/newchapter.io\/wp-content\/uploads\/2025\/02\/Gruppe-Camp-Reinsehlen-768x512.jpg 768w, https:\/\/newchapter.io\/wp-content\/uploads\/2025\/02\/Gruppe-Camp-Reinsehlen-18x12.jpg 18w, https:\/\/newchapter.io\/wp-content\/uploads\/2025\/02\/Gruppe-Camp-Reinsehlen.jpg 1772w\" sizes=\"(max-width: 1536px) 100vw, 1536px\" \/><\/div>\n\t\t<\/a>\n\t\t\t\t<div class=\"elementor-post__text\">\n\t\t\t\t<h3 class=\"elementor-post__title\">\n\t\t\t<a href=\"https:\/\/newchapter.io\/en\/jahresauftakt-in-der-lueneburger-heide\/\" target=\"_blank\">\n\t\t\t\tJahresauftakt in der L\u00fcneburger Heide\t\t\t<\/a>\n\t\t<\/h3>\n\t\t\t\t<div class=\"elementor-post__excerpt\">\n\t\t\t<p>W\u00e4hrend die Welt in Davos tagt, haben wir uns f\u00fcr drei inspirierende Tage in die L\u00fcneburger Heide zur\u00fcckgezogen \u2013 mitten in einer frostigen,<\/p>\n\t\t<\/div>\n\t\t\t\t\t<a class=\"elementor-post__read-more\" href=\"https:\/\/newchapter.io\/en\/jahresauftakt-in-der-lueneburger-heide\/\" target=\"_blank\">\n\t\t\t\tWeiterlesen \u00bb\t\t\t<\/a>\n\t\t\t\t<\/div>\n\t\t\t\t<div class=\"elementor-post__meta-data\">\n\t\t\t\t\t<span class=\"elementor-post-date\">\n\t\t\tJanuary 27, 2025\t\t<\/span>\n\t\t\t\t<\/div>\n\t\t\t\t\t<\/div>\n\t\t<\/article>\n\t\t\t\t<article class=\"elementor-post elementor-grid-item post-8040 post type-post status-publish format-standard has-post-thumbnail hentry category-allgemein entry has-media\">\n\t\t\t<div class=\"elementor-post__card\">\n\t\t\t\t<a class=\"elementor-post__thumbnail__link\" href=\"https:\/\/newchapter.io\/en\/ein-frohes-neues-jahr-wuenscht-new-chapter\/\" target=\"_blank\">\n\t\t\t<div class=\"elementor-post__thumbnail\"><img loading=\"lazy\" width=\"644\" height=\"446\" src=\"https:\/\/newchapter.io\/wp-content\/uploads\/2025\/01\/Screenshot-2025-01-06-114114.png\" class=\"attachment-1536x1536 size-1536x1536 wp-image-8045\" alt=\"\" decoding=\"async\" srcset=\"https:\/\/newchapter.io\/wp-content\/uploads\/2025\/01\/Screenshot-2025-01-06-114114.png 644w, https:\/\/newchapter.io\/wp-content\/uploads\/2025\/01\/Screenshot-2025-01-06-114114-300x208.png 300w, https:\/\/newchapter.io\/wp-content\/uploads\/2025\/01\/Screenshot-2025-01-06-114114-18x12.png 18w\" sizes=\"(max-width: 644px) 100vw, 644px\" \/><\/div>\n\t\t<\/a>\n\t\t\t\t<div class=\"elementor-post__text\">\n\t\t\t\t<h3 class=\"elementor-post__title\">\n\t\t\t<a href=\"https:\/\/newchapter.io\/en\/ein-frohes-neues-jahr-wuenscht-new-chapter\/\" target=\"_blank\">\n\t\t\t\tEin frohes Neues Jahr w\u00fcnscht New Chapter!\t\t\t<\/a>\n\t\t<\/h3>\n\t\t\t\t<div class=\"elementor-post__excerpt\">\n\t\t\t<p>Die sch\u00f6nsten Kapitel entstehen gemeinsam &#8211; und genau daf\u00fcr m\u00f6chten wir uns bei Euch bedanken.<\/p>\n\t\t<\/div>\n\t\t\t\t\t<a class=\"elementor-post__read-more\" href=\"https:\/\/newchapter.io\/en\/ein-frohes-neues-jahr-wuenscht-new-chapter\/\" target=\"_blank\">\n\t\t\t\tWeiterlesen \u00bb\t\t\t<\/a>\n\t\t\t\t<\/div>\n\t\t\t\t<div class=\"elementor-post__meta-data\">\n\t\t\t\t\t<span class=\"elementor-post-date\">\n\t\t\tJanuary 1, 2025\t\t<\/span>\n\t\t\t\t<\/div>\n\t\t\t\t\t<\/div>\n\t\t<\/article>\n\t\t\t\t<article class=\"elementor-post elementor-grid-item post-7889 post type-post status-publish format-standard has-post-thumbnail hentry category-allgemein entry has-media\">\n\t\t\t<div class=\"elementor-post__card\">\n\t\t\t\t<a class=\"elementor-post__thumbnail__link\" href=\"https:\/\/newchapter.io\/en\/wirtschaftswoche-auszeichnung\/\" target=\"_blank\">\n\t\t\t<div class=\"elementor-post__thumbnail\"><img loading=\"lazy\" width=\"425\" height=\"518\" src=\"https:\/\/newchapter.io\/wp-content\/uploads\/2024\/12\/WiWo_Beste_Personalberater_2024_Gesundheitswesen_Healthcare_ON.jpg\" class=\"attachment-1536x1536 size-1536x1536 wp-image-7900\" alt=\"\" decoding=\"async\" srcset=\"https:\/\/newchapter.io\/wp-content\/uploads\/2024\/12\/WiWo_Beste_Personalberater_2024_Gesundheitswesen_Healthcare_ON.jpg 425w, https:\/\/newchapter.io\/wp-content\/uploads\/2024\/12\/WiWo_Beste_Personalberater_2024_Gesundheitswesen_Healthcare_ON-246x300.jpg 246w, https:\/\/newchapter.io\/wp-content\/uploads\/2024\/12\/WiWo_Beste_Personalberater_2024_Gesundheitswesen_Healthcare_ON-10x12.jpg 10w\" sizes=\"(max-width: 425px) 100vw, 425px\" \/><\/div>\n\t\t<\/a>\n\t\t\t\t<div class=\"elementor-post__text\">\n\t\t\t\t<h3 class=\"elementor-post__title\">\n\t\t\t<a href=\"https:\/\/newchapter.io\/en\/wirtschaftswoche-auszeichnung\/\" target=\"_blank\">\n\t\t\t\tWir sind ausgezeichnet!\t\t\t<\/a>\n\t\t<\/h3>\n\t\t\t\t<div class=\"elementor-post__excerpt\">\n\t\t\t<p>Heute ist die Freude gro\u00df: die New Chapter Executive Search GmbH wurde im aktuellen WirtschaftsWoche-Ranking \u201eBeste Personalberater 2024\u201c (Ausgabe 51\/2024) in der Kategorie<\/p>\n\t\t<\/div>\n\t\t\t\t\t<a class=\"elementor-post__read-more\" href=\"https:\/\/newchapter.io\/en\/wirtschaftswoche-auszeichnung\/\" target=\"_blank\">\n\t\t\t\tWeiterlesen \u00bb\t\t\t<\/a>\n\t\t\t\t<\/div>\n\t\t\t\t<div class=\"elementor-post__meta-data\">\n\t\t\t\t\t<span class=\"elementor-post-date\">\n\t\t\tDecember 13, 2024\t\t<\/span>\n\t\t\t\t<\/div>\n\t\t\t\t\t<\/div>\n\t\t<\/article>\n\t\t\t\t<article class=\"elementor-post elementor-grid-item post-8001 post type-post status-publish format-standard has-post-thumbnail hentry category-allgemein entry has-media\">\n\t\t\t<div class=\"elementor-post__card\">\n\t\t\t\t<a class=\"elementor-post__thumbnail__link\" href=\"https:\/\/newchapter.io\/en\/unsere-kleine-weihnachtsfeier\/\" target=\"_blank\">\n\t\t\t<div class=\"elementor-post__thumbnail\"><img loading=\"lazy\" width=\"1536\" height=\"1338\" src=\"https:\/\/newchapter.io\/wp-content\/uploads\/2024\/12\/Image-1536x1338.jpg\" class=\"attachment-1536x1536 size-1536x1536 wp-image-7999\" alt=\"\" decoding=\"async\" srcset=\"https:\/\/newchapter.io\/wp-content\/uploads\/2024\/12\/Image-1536x1338.jpg 1536w, https:\/\/newchapter.io\/wp-content\/uploads\/2024\/12\/Image-300x261.jpg 300w, https:\/\/newchapter.io\/wp-content\/uploads\/2024\/12\/Image-1024x892.jpg 1024w, https:\/\/newchapter.io\/wp-content\/uploads\/2024\/12\/Image-768x669.jpg 768w, https:\/\/newchapter.io\/wp-content\/uploads\/2024\/12\/Image-14x12.jpg 14w, https:\/\/newchapter.io\/wp-content\/uploads\/2024\/12\/Image.jpg 2048w\" sizes=\"(max-width: 1536px) 100vw, 1536px\" \/><\/div>\n\t\t<\/a>\n\t\t\t\t<div class=\"elementor-post__text\">\n\t\t\t\t<h3 class=\"elementor-post__title\">\n\t\t\t<a href=\"https:\/\/newchapter.io\/en\/unsere-kleine-weihnachtsfeier\/\" target=\"_blank\">\n\t\t\t\tEin sch\u00f6ner Jahresausklang: Unsere kleine Weihnachtsfeier\t\t\t<\/a>\n\t\t<\/h3>\n\t\t\t\t<div class=\"elementor-post__excerpt\">\n\t\t\t<p>Heute haben wir gemeinsam eine kleine, aber feine Weihnachtsfeier gefeiert. In gem\u00fctlicher Atmosph\u00e4re lie\u00dfen wir das Jahr bei leckerem Essen, tollen Gespr\u00e4chen und<\/p>\n\t\t<\/div>\n\t\t\t\t\t<a class=\"elementor-post__read-more\" href=\"https:\/\/newchapter.io\/en\/unsere-kleine-weihnachtsfeier\/\" target=\"_blank\">\n\t\t\t\tWeiterlesen \u00bb\t\t\t<\/a>\n\t\t\t\t<\/div>\n\t\t\t\t<div class=\"elementor-post__meta-data\">\n\t\t\t\t\t<span class=\"elementor-post-date\">\n\t\t\tDecember 12, 2024\t\t<\/span>\n\t\t\t\t<\/div>\n\t\t\t\t\t<\/div>\n\t\t<\/article>\n\t\t\t\t<article class=\"elementor-post elementor-grid-item post-7447 post type-post status-publish format-standard has-post-thumbnail hentry category-allgemein entry has-media\">\n\t\t\t<div class=\"elementor-post__card\">\n\t\t\t\t<a class=\"elementor-post__thumbnail__link\" href=\"https:\/\/newchapter.io\/en\/team-get-together-in-hamburg\/\" target=\"_blank\">\n\t\t\t<div class=\"elementor-post__thumbnail\"><img loading=\"lazy\" width=\"1536\" height=\"1152\" src=\"https:\/\/newchapter.io\/wp-content\/uploads\/2024\/07\/Image-3-1-1536x1152.jpg\" class=\"attachment-1536x1536 size-1536x1536 wp-image-7449\" alt=\"\" decoding=\"async\" srcset=\"https:\/\/newchapter.io\/wp-content\/uploads\/2024\/07\/Image-3-1-1536x1152.jpg 1536w, https:\/\/newchapter.io\/wp-content\/uploads\/2024\/07\/Image-3-1-300x225.jpg 300w, https:\/\/newchapter.io\/wp-content\/uploads\/2024\/07\/Image-3-1-1024x768.jpg 1024w, https:\/\/newchapter.io\/wp-content\/uploads\/2024\/07\/Image-3-1-768x576.jpg 768w, https:\/\/newchapter.io\/wp-content\/uploads\/2024\/07\/Image-3-1-2048x1536.jpg 2048w, https:\/\/newchapter.io\/wp-content\/uploads\/2024\/07\/Image-3-1-16x12.jpg 16w\" sizes=\"(max-width: 1536px) 100vw, 1536px\" \/><\/div>\n\t\t<\/a>\n\t\t\t\t<div class=\"elementor-post__text\">\n\t\t\t\t<h3 class=\"elementor-post__title\">\n\t\t\t<a href=\"https:\/\/newchapter.io\/en\/team-get-together-in-hamburg\/\" target=\"_blank\">\n\t\t\t\tTeam-get-together in Hamburg 2024\t\t\t<\/a>\n\t\t<\/h3>\n\t\t\t\t<div class=\"elementor-post__excerpt\">\n\t\t\t<p>Anfang Juli haben wir uns f\u00fcr zwei spannende Tage in unserem Office in Hamburg getroffen. Es war toll, das gesamte Team an einem<\/p>\n\t\t<\/div>\n\t\t\t\t\t<a class=\"elementor-post__read-more\" href=\"https:\/\/newchapter.io\/en\/team-get-together-in-hamburg\/\" target=\"_blank\">\n\t\t\t\tWeiterlesen \u00bb\t\t\t<\/a>\n\t\t\t\t<\/div>\n\t\t\t\t<div class=\"elementor-post__meta-data\">\n\t\t\t\t\t<span class=\"elementor-post-date\">\n\t\t\tJuly 3, 2024\t\t<\/span>\n\t\t\t\t<\/div>\n\t\t\t\t\t<\/div>\n\t\t<\/article>\n\t\t\t\t<article class=\"elementor-post elementor-grid-item post-7136 post type-post status-publish format-standard has-post-thumbnail hentry category-allgemein entry has-media\">\n\t\t\t<div class=\"elementor-post__card\">\n\t\t\t\t<a class=\"elementor-post__thumbnail__link\" href=\"https:\/\/newchapter.io\/en\/ein-new-chapter-fuer-new-chapter-das-webinar\/\" target=\"_blank\">\n\t\t\t<div class=\"elementor-post__thumbnail\"><img loading=\"lazy\" width=\"1280\" height=\"853\" src=\"https:\/\/newchapter.io\/wp-content\/uploads\/2024\/06\/image.png\" class=\"attachment-1536x1536 size-1536x1536 wp-image-7165\" alt=\"\" decoding=\"async\" srcset=\"https:\/\/newchapter.io\/wp-content\/uploads\/2024\/06\/image.png 1280w, https:\/\/newchapter.io\/wp-content\/uploads\/2024\/06\/image-300x200.png 300w, https:\/\/newchapter.io\/wp-content\/uploads\/2024\/06\/image-1024x682.png 1024w, https:\/\/newchapter.io\/wp-content\/uploads\/2024\/06\/image-768x512.png 768w, https:\/\/newchapter.io\/wp-content\/uploads\/2024\/06\/image-18x12.png 18w\" sizes=\"(max-width: 1280px) 100vw, 1280px\" \/><\/div>\n\t\t<\/a>\n\t\t\t\t<div class=\"elementor-post__text\">\n\t\t\t\t<h3 class=\"elementor-post__title\">\n\t\t\t<a href=\"https:\/\/newchapter.io\/en\/ein-new-chapter-fuer-new-chapter-das-webinar\/\" target=\"_blank\">\n\t\t\t\tKick-off unserer Webinar-Serie\t\t\t<\/a>\n\t\t<\/h3>\n\t\t\t\t<div class=\"elementor-post__excerpt\">\n\t\t\t<p>Am Dienstag, den 11. Juni, fand im Vorfeld des DEGRO-Kongresses ein spannendes und das erste von New Chapter organisierte Webinar zu Karriereoptionen statt.<\/p>\n\t\t<\/div>\n\t\t\t\t\t<a class=\"elementor-post__read-more\" href=\"https:\/\/newchapter.io\/en\/ein-new-chapter-fuer-new-chapter-das-webinar\/\" target=\"_blank\">\n\t\t\t\tWeiterlesen \u00bb\t\t\t<\/a>\n\t\t\t\t<\/div>\n\t\t\t\t<div class=\"elementor-post__meta-data\">\n\t\t\t\t\t<span class=\"elementor-post-date\">\n\t\t\tJune 12, 2024\t\t<\/span>\n\t\t\t\t<\/div>\n\t\t\t\t\t<\/div>\n\t\t<\/article>\n\t\t\t\t<article class=\"elementor-post elementor-grid-item post-7062 post type-post status-publish format-standard has-post-thumbnail hentry category-allgemein entry has-media\">\n\t\t\t<div class=\"elementor-post__card\">\n\t\t\t\t<a class=\"elementor-post__thumbnail__link\" href=\"https:\/\/newchapter.io\/en\/umzug-in-duesseldorf\/\" target=\"_blank\">\n\t\t\t<div class=\"elementor-post__thumbnail\"><img loading=\"lazy\" width=\"690\" height=\"452\" src=\"https:\/\/newchapter.io\/wp-content\/uploads\/2024\/06\/df1f77a2-0352-4f45-b6a0-b90f5fc75968-e1717414270773.jpg\" class=\"attachment-1536x1536 size-1536x1536 wp-image-7067\" alt=\"\" decoding=\"async\" srcset=\"https:\/\/newchapter.io\/wp-content\/uploads\/2024\/06\/df1f77a2-0352-4f45-b6a0-b90f5fc75968-e1717414270773.jpg 690w, https:\/\/newchapter.io\/wp-content\/uploads\/2024\/06\/df1f77a2-0352-4f45-b6a0-b90f5fc75968-e1717414270773-300x197.jpg 300w, https:\/\/newchapter.io\/wp-content\/uploads\/2024\/06\/df1f77a2-0352-4f45-b6a0-b90f5fc75968-e1717414270773-18x12.jpg 18w\" sizes=\"(max-width: 690px) 100vw, 690px\" \/><\/div>\n\t\t<\/a>\n\t\t\t\t<div class=\"elementor-post__text\">\n\t\t\t\t<h3 class=\"elementor-post__title\">\n\t\t\t<a href=\"https:\/\/newchapter.io\/en\/umzug-in-duesseldorf\/\" target=\"_blank\">\n\t\t\t\tD\u00fcsseldorf wechselt die R\u00e4umlichkeiten\t\t\t<\/a>\n\t\t<\/h3>\n\t\t\t\t<div class=\"elementor-post__excerpt\">\n\t\t\t<p>New Chapter Medical schl\u00e4gt in D\u00fcsseldorf ein neues Kapitel auf. <\/p>\n\t\t<\/div>\n\t\t\t\t\t<a class=\"elementor-post__read-more\" href=\"https:\/\/newchapter.io\/en\/umzug-in-duesseldorf\/\" target=\"_blank\">\n\t\t\t\tWeiterlesen \u00bb\t\t\t<\/a>\n\t\t\t\t<\/div>\n\t\t\t\t<div class=\"elementor-post__meta-data\">\n\t\t\t\t\t<span class=\"elementor-post-date\">\n\t\t\tJune 3, 2024\t\t<\/span>\n\t\t\t\t<\/div>\n\t\t\t\t\t<\/div>\n\t\t<\/article>\n\t\t\t\t<article class=\"elementor-post elementor-grid-item post-6790 post type-post status-publish format-standard has-post-thumbnail hentry category-allgemein entry has-media\">\n\t\t\t<div class=\"elementor-post__card\">\n\t\t\t\t<a class=\"elementor-post__thumbnail__link\" href=\"https:\/\/newchapter.io\/en\/herzlichen-glueckwunsch-zu-unserem-3-geburtstag\/\" target=\"_blank\">\n\t\t\t<div class=\"elementor-post__thumbnail\"><img loading=\"lazy\" width=\"650\" height=\"457\" src=\"https:\/\/newchapter.io\/wp-content\/uploads\/2024\/03\/NewChapter-Geburtstag-neu-e1717399644827.png\" class=\"attachment-1536x1536 size-1536x1536 wp-image-7046\" alt=\"\" decoding=\"async\" srcset=\"https:\/\/newchapter.io\/wp-content\/uploads\/2024\/03\/NewChapter-Geburtstag-neu-e1717399644827.png 650w, https:\/\/newchapter.io\/wp-content\/uploads\/2024\/03\/NewChapter-Geburtstag-neu-e1717399644827-300x211.png 300w, https:\/\/newchapter.io\/wp-content\/uploads\/2024\/03\/NewChapter-Geburtstag-neu-e1717399644827-18x12.png 18w\" sizes=\"(max-width: 650px) 100vw, 650px\" \/><\/div>\n\t\t<\/a>\n\t\t\t\t<div class=\"elementor-post__text\">\n\t\t\t\t<h3 class=\"elementor-post__title\">\n\t\t\t<a href=\"https:\/\/newchapter.io\/en\/herzlichen-glueckwunsch-zu-unserem-3-geburtstag\/\" target=\"_blank\">\n\t\t\t\tHerzlichen Gl\u00fcckwunsch zu unserem 3. Geburtstag!\t\t\t<\/a>\n\t\t<\/h3>\n\t\t\t\t<div class=\"elementor-post__excerpt\">\n\t\t\t<p>New Chapter feiert seinen dritten Geburtstag!<\/p>\n\t\t<\/div>\n\t\t\t\t\t<a class=\"elementor-post__read-more\" href=\"https:\/\/newchapter.io\/en\/herzlichen-glueckwunsch-zu-unserem-3-geburtstag\/\" target=\"_blank\">\n\t\t\t\tWeiterlesen \u00bb\t\t\t<\/a>\n\t\t\t\t<\/div>\n\t\t\t\t<div class=\"elementor-post__meta-data\">\n\t\t\t\t\t<span class=\"elementor-post-date\">\n\t\t\tMarch 8, 2024\t\t<\/span>\n\t\t\t\t<\/div>\n\t\t\t\t\t<\/div>\n\t\t<\/article>\n\t\t\t\t<article class=\"elementor-post elementor-grid-item post-6793 post type-post status-publish format-standard has-post-thumbnail hentry category-allgemein entry has-media\">\n\t\t\t<div class=\"elementor-post__card\">\n\t\t\t\t<a class=\"elementor-post__thumbnail__link\" href=\"https:\/\/newchapter.io\/en\/jahresauftakt-in-sankt-peter-ording\/\" target=\"_blank\">\n\t\t\t<div class=\"elementor-post__thumbnail\"><img loading=\"lazy\" width=\"1536\" height=\"1041\" src=\"https:\/\/newchapter.io\/wp-content\/uploads\/2024\/01\/NewChapter_Gruppen@joergMKrause-5112-e1717403975330-1536x1041.jpg\" class=\"attachment-1536x1536 size-1536x1536 wp-image-7053\" alt=\"\" decoding=\"async\" srcset=\"https:\/\/newchapter.io\/wp-content\/uploads\/2024\/01\/NewChapter_Gruppen@joergMKrause-5112-e1717403975330-1536x1041.jpg 1536w, https:\/\/newchapter.io\/wp-content\/uploads\/2024\/01\/NewChapter_Gruppen@joergMKrause-5112-e1717403975330-300x203.jpg 300w, https:\/\/newchapter.io\/wp-content\/uploads\/2024\/01\/NewChapter_Gruppen@joergMKrause-5112-e1717403975330-1024x694.jpg 1024w, https:\/\/newchapter.io\/wp-content\/uploads\/2024\/01\/NewChapter_Gruppen@joergMKrause-5112-e1717403975330-768x520.jpg 768w, https:\/\/newchapter.io\/wp-content\/uploads\/2024\/01\/NewChapter_Gruppen@joergMKrause-5112-e1717403975330-18x12.jpg 18w, https:\/\/newchapter.io\/wp-content\/uploads\/2024\/01\/NewChapter_Gruppen@joergMKrause-5112-e1717403975330.jpg 1705w\" sizes=\"(max-width: 1536px) 100vw, 1536px\" \/><\/div>\n\t\t<\/a>\n\t\t\t\t<div class=\"elementor-post__text\">\n\t\t\t\t<h3 class=\"elementor-post__title\">\n\t\t\t<a href=\"https:\/\/newchapter.io\/en\/jahresauftakt-in-sankt-peter-ording\/\" target=\"_blank\">\n\t\t\t\tJahresauftakt in Sankt Peter Ording\t\t\t<\/a>\n\t\t<\/h3>\n\t\t\t\t<div class=\"elementor-post__excerpt\">\n\t\t\t<p>Ein erfrischender Start ins neue Jahr.<\/p>\n\t\t<\/div>\n\t\t\t\t\t<a class=\"elementor-post__read-more\" href=\"https:\/\/newchapter.io\/en\/jahresauftakt-in-sankt-peter-ording\/\" target=\"_blank\">\n\t\t\t\tWeiterlesen \u00bb\t\t\t<\/a>\n\t\t\t\t<\/div>\n\t\t\t\t<div class=\"elementor-post__meta-data\">\n\t\t\t\t\t<span class=\"elementor-post-date\">\n\t\t\tJanuary 15, 2024\t\t<\/span>\n\t\t\t\t<\/div>\n\t\t\t\t\t<\/div>\n\t\t<\/article>\n\t\t\t\t<article class=\"elementor-post elementor-grid-item post-6795 post type-post status-publish format-standard has-post-thumbnail hentry category-allgemein entry has-media\">\n\t\t\t<div class=\"elementor-post__card\">\n\t\t\t\t<a class=\"elementor-post__thumbnail__link\" href=\"https:\/\/newchapter.io\/en\/personalberatung-dobrindt-heisst-ab-sofort-new-chapter-medical\/\" target=\"_blank\">\n\t\t\t<div class=\"elementor-post__thumbnail\"><img loading=\"lazy\" width=\"636\" height=\"442\" src=\"https:\/\/newchapter.io\/wp-content\/uploads\/2024\/01\/Screenshot-2024-06-04-131003.png\" class=\"attachment-1536x1536 size-1536x1536 wp-image-7086\" alt=\"\" decoding=\"async\" srcset=\"https:\/\/newchapter.io\/wp-content\/uploads\/2024\/01\/Screenshot-2024-06-04-131003.png 636w, https:\/\/newchapter.io\/wp-content\/uploads\/2024\/01\/Screenshot-2024-06-04-131003-300x208.png 300w, https:\/\/newchapter.io\/wp-content\/uploads\/2024\/01\/Screenshot-2024-06-04-131003-18x12.png 18w\" sizes=\"(max-width: 636px) 100vw, 636px\" \/><\/div>\n\t\t<\/a>\n\t\t\t\t<div class=\"elementor-post__text\">\n\t\t\t\t<h3 class=\"elementor-post__title\">\n\t\t\t<a href=\"https:\/\/newchapter.io\/en\/personalberatung-dobrindt-heisst-ab-sofort-new-chapter-medical\/\" target=\"_blank\">\n\t\t\t\tDobrindt. hei\u00dft ab sofort New Chapter Medical\t\t\t<\/a>\n\t\t<\/h3>\n\t\t\t\t<div class=\"elementor-post__excerpt\">\n\t\t\t<p>Neues Jahr, neues Kapitel! Ein neues Kapitel f\u00fcr unser Unternehmen beginnt: dobrindt. hei\u00dft absofort New Chapter Medical! Unter der \u00e4rztlichen Leitung von Dr.<\/p>\n\t\t<\/div>\n\t\t\t\t\t<a class=\"elementor-post__read-more\" href=\"https:\/\/newchapter.io\/en\/personalberatung-dobrindt-heisst-ab-sofort-new-chapter-medical\/\" target=\"_blank\">\n\t\t\t\tWeiterlesen \u00bb\t\t\t<\/a>\n\t\t\t\t<\/div>\n\t\t\t\t<div class=\"elementor-post__meta-data\">\n\t\t\t\t\t<span class=\"elementor-post-date\">\n\t\t\tJanuary 1, 2024\t\t<\/span>\n\t\t\t\t<\/div>\n\t\t\t\t\t<\/div>\n\t\t<\/article>\n\t\t\t\t<article class=\"elementor-post elementor-grid-item post-6908 post type-post status-publish format-standard has-post-thumbnail hentry category-allgemein entry has-media\">\n\t\t\t<div class=\"elementor-post__card\">\n\t\t\t\t<a class=\"elementor-post__thumbnail__link\" href=\"https:\/\/newchapter.io\/en\/recruiting-of-senior-women-to-vc-mission-impossible-or-matter-of-style%f0%9f%93%83\/\" target=\"_blank\">\n\t\t\t<div class=\"elementor-post__thumbnail\"><img loading=\"lazy\" width=\"768\" height=\"711\" src=\"https:\/\/newchapter.io\/wp-content\/uploads\/2023\/10\/Julia-und-Anne-LSE-1.jpg\" class=\"attachment-1536x1536 size-1536x1536 wp-image-7100\" alt=\"\" decoding=\"async\" srcset=\"https:\/\/newchapter.io\/wp-content\/uploads\/2023\/10\/Julia-und-Anne-LSE-1.jpg 768w, https:\/\/newchapter.io\/wp-content\/uploads\/2023\/10\/Julia-und-Anne-LSE-1-300x278.jpg 300w, https:\/\/newchapter.io\/wp-content\/uploads\/2023\/10\/Julia-und-Anne-LSE-1-13x12.jpg 13w\" sizes=\"(max-width: 768px) 100vw, 768px\" \/><\/div>\n\t\t<\/a>\n\t\t\t\t<div class=\"elementor-post__text\">\n\t\t\t\t<h3 class=\"elementor-post__title\">\n\t\t\t<a href=\"https:\/\/newchapter.io\/en\/recruiting-of-senior-women-to-vc-mission-impossible-or-matter-of-style%f0%9f%93%83\/\" target=\"_blank\">\n\t\t\t\tRecruiting of Senior Women to VC &#8211; mission impossible or matter of style\t\t\t<\/a>\n\t\t<\/h3>\n\t\t\t\t<div class=\"elementor-post__excerpt\">\n\t\t\t<p>A case study by LSE students and New Chapter Executive Search.<\/p>\n\t\t<\/div>\n\t\t\t\t\t<a class=\"elementor-post__read-more\" href=\"https:\/\/newchapter.io\/en\/recruiting-of-senior-women-to-vc-mission-impossible-or-matter-of-style%f0%9f%93%83\/\" target=\"_blank\">\n\t\t\t\tWeiterlesen \u00bb\t\t\t<\/a>\n\t\t\t\t<\/div>\n\t\t\t\t<div class=\"elementor-post__meta-data\">\n\t\t\t\t\t<span class=\"elementor-post-date\">\n\t\t\tOctober 10, 2023\t\t<\/span>\n\t\t\t\t<\/div>\n\t\t\t\t\t<\/div>\n\t\t<\/article>\n\t\t\t\t<article class=\"elementor-post elementor-grid-item post-6917 post type-post status-publish format-standard has-post-thumbnail hentry category-allgemein entry has-media\">\n\t\t\t<div class=\"elementor-post__card\">\n\t\t\t\t<a class=\"elementor-post__thumbnail__link\" href=\"https:\/\/newchapter.io\/en\/bits-pretzels-healthtech-conference-2023%f0%9f%93%b7\/\" target=\"_blank\">\n\t\t\t<div class=\"elementor-post__thumbnail\"><img loading=\"lazy\" width=\"444\" height=\"301\" src=\"https:\/\/newchapter.io\/wp-content\/uploads\/2023\/06\/Foto-Anne-Bitz-Pretzels-2023_2-e1716804902587.jpg\" class=\"attachment-1536x1536 size-1536x1536 wp-image-5708\" alt=\"\" decoding=\"async\" srcset=\"https:\/\/newchapter.io\/wp-content\/uploads\/2023\/06\/Foto-Anne-Bitz-Pretzels-2023_2-e1716804902587.jpg 444w, https:\/\/newchapter.io\/wp-content\/uploads\/2023\/06\/Foto-Anne-Bitz-Pretzels-2023_2-e1716804902587-300x203.jpg 300w, https:\/\/newchapter.io\/wp-content\/uploads\/2023\/06\/Foto-Anne-Bitz-Pretzels-2023_2-e1716804902587-18x12.jpg 18w\" sizes=\"(max-width: 444px) 100vw, 444px\" \/><\/div>\n\t\t<\/a>\n\t\t\t\t<div class=\"elementor-post__text\">\n\t\t\t\t<h3 class=\"elementor-post__title\">\n\t\t\t<a href=\"https:\/\/newchapter.io\/en\/bits-pretzels-healthtech-conference-2023%f0%9f%93%b7\/\" target=\"_blank\">\n\t\t\t\tBits &#038; Pretzels HealthTech Conference 2023\t\t\t<\/a>\n\t\t<\/h3>\n\t\t\t\t<div class=\"elementor-post__excerpt\">\n\t\t\t<p>Anne ist zum ersten Mal Gast\u00a0bei der Bits\u00a0&amp; Pretzels\u00a0HealthTech Conference in M\u00fcnchen und spricht dar\u00fcber,\u00a0wie Krankenh\u00e4user mit Startups zusammenarbeiten oder\u00a0diese integrieren \u2013 und<\/p>\n\t\t<\/div>\n\t\t\t\t\t<a class=\"elementor-post__read-more\" href=\"https:\/\/newchapter.io\/en\/bits-pretzels-healthtech-conference-2023%f0%9f%93%b7\/\" target=\"_blank\">\n\t\t\t\tWeiterlesen \u00bb\t\t\t<\/a>\n\t\t\t\t<\/div>\n\t\t\t\t<div class=\"elementor-post__meta-data\">\n\t\t\t\t\t<span class=\"elementor-post-date\">\n\t\t\tJune 21, 2023\t\t<\/span>\n\t\t\t\t<\/div>\n\t\t\t\t\t<\/div>\n\t\t<\/article>\n\t\t\t\t<article class=\"elementor-post elementor-grid-item post-6920 post type-post status-publish format-standard has-post-thumbnail hentry category-allgemein entry has-media\">\n\t\t\t<div class=\"elementor-post__card\">\n\t\t\t\t<a class=\"elementor-post__thumbnail__link\" href=\"https:\/\/newchapter.io\/en\/dr-pedram-emami-im-gespraech-per-du-mit-dr-anne-wichels-schnieber%f0%9f%8e%99%ef%b8%8f\/\" target=\"_blank\">\n\t\t\t<div class=\"elementor-post__thumbnail\"><img loading=\"lazy\" width=\"838\" height=\"768\" src=\"https:\/\/newchapter.io\/wp-content\/uploads\/2023\/04\/Screenshot-2024-06-03-134109.png\" class=\"attachment-1536x1536 size-1536x1536 wp-image-7078\" alt=\"\" decoding=\"async\" srcset=\"https:\/\/newchapter.io\/wp-content\/uploads\/2023\/04\/Screenshot-2024-06-03-134109.png 838w, https:\/\/newchapter.io\/wp-content\/uploads\/2023\/04\/Screenshot-2024-06-03-134109-300x275.png 300w, https:\/\/newchapter.io\/wp-content\/uploads\/2023\/04\/Screenshot-2024-06-03-134109-768x704.png 768w, https:\/\/newchapter.io\/wp-content\/uploads\/2023\/04\/Screenshot-2024-06-03-134109-13x12.png 13w\" sizes=\"(max-width: 838px) 100vw, 838px\" \/><\/div>\n\t\t<\/a>\n\t\t\t\t<div class=\"elementor-post__text\">\n\t\t\t\t<h3 class=\"elementor-post__title\">\n\t\t\t<a href=\"https:\/\/newchapter.io\/en\/dr-pedram-emami-im-gespraech-per-du-mit-dr-anne-wichels-schnieber%f0%9f%8e%99%ef%b8%8f\/\" target=\"_blank\">\n\t\t\t\tDr. Pedram Emami im Gespr\u00e4ch- per Du mit Dr. Anne Wichels-Schnieber\t\t\t<\/a>\n\t\t<\/h3>\n\t\t\t\t<div class=\"elementor-post__excerpt\">\n\t\t\t<p>Anne spricht \u00fcber ihren Karriereweg.<\/p>\n\t\t<\/div>\n\t\t\t\t\t<a class=\"elementor-post__read-more\" href=\"https:\/\/newchapter.io\/en\/dr-pedram-emami-im-gespraech-per-du-mit-dr-anne-wichels-schnieber%f0%9f%8e%99%ef%b8%8f\/\" target=\"_blank\">\n\t\t\t\tWeiterlesen \u00bb\t\t\t<\/a>\n\t\t\t\t<\/div>\n\t\t\t\t<div class=\"elementor-post__meta-data\">\n\t\t\t\t\t<span class=\"elementor-post-date\">\n\t\t\tApril 13, 2023\t\t<\/span>\n\t\t\t\t<\/div>\n\t\t\t\t\t<\/div>\n\t\t<\/article>\n\t\t\t\t<article class=\"elementor-post elementor-grid-item post-6924 post type-post status-publish format-standard has-post-thumbnail hentry category-allgemein entry has-media\">\n\t\t\t<div class=\"elementor-post__card\">\n\t\t\t\t<a class=\"elementor-post__thumbnail__link\" href=\"https:\/\/newchapter.io\/en\/zwei-jahre-zwei-wochen-new-chapter-%f0%9f%93%83\/\" target=\"_blank\">\n\t\t\t<div class=\"elementor-post__thumbnail\"><img loading=\"lazy\" width=\"196\" height=\"196\" src=\"https:\/\/newchapter.io\/wp-content\/uploads\/2021\/06\/favicon-196x196-1.png\" class=\"attachment-1536x1536 size-1536x1536 wp-image-1932\" alt=\"\" decoding=\"async\" srcset=\"https:\/\/newchapter.io\/wp-content\/uploads\/2021\/06\/favicon-196x196-1.png 196w, https:\/\/newchapter.io\/wp-content\/uploads\/2021\/06\/favicon-196x196-1-150x150.png 150w, https:\/\/newchapter.io\/wp-content\/uploads\/2021\/06\/favicon-196x196-1-12x12.png 12w\" sizes=\"(max-width: 196px) 100vw, 196px\" \/><\/div>\n\t\t<\/a>\n\t\t\t\t<div class=\"elementor-post__text\">\n\t\t\t\t<h3 class=\"elementor-post__title\">\n\t\t\t<a href=\"https:\/\/newchapter.io\/en\/zwei-jahre-zwei-wochen-new-chapter-%f0%9f%93%83\/\" target=\"_blank\">\n\t\t\t\tZwei Jahre, zwei Wochen New Chapter\u00a0\t\t\t<\/a>\n\t\t<\/h3>\n\t\t\t\t<div class=\"elementor-post__excerpt\">\n\t\t\t<p>Was machen Anne und Julia anders als andere Personalberatungen und wo                    wollen sie noch hin?<\/p>\n\t\t<\/div>\n\t\t\t\t\t<a class=\"elementor-post__read-more\" href=\"https:\/\/newchapter.io\/en\/zwei-jahre-zwei-wochen-new-chapter-%f0%9f%93%83\/\" target=\"_blank\">\n\t\t\t\tWeiterlesen \u00bb\t\t\t<\/a>\n\t\t\t\t<\/div>\n\t\t\t\t<div class=\"elementor-post__meta-data\">\n\t\t\t\t\t<span class=\"elementor-post-date\">\n\t\t\tMarch 22, 2023\t\t<\/span>\n\t\t\t\t<\/div>\n\t\t\t\t\t<\/div>\n\t\t<\/article>\n\t\t\t\t<article class=\"elementor-post elementor-grid-item post-6904 post type-post status-publish format-standard has-post-thumbnail hentry category-allgemein entry has-media\">\n\t\t\t<div class=\"elementor-post__card\">\n\t\t\t\t<a class=\"elementor-post__thumbnail__link\" href=\"https:\/\/newchapter.io\/en\/wie-man-aerztinnen-und-aerzte-gewinnt%f0%9f%8e%99%ef%b8%8f\/\" target=\"_blank\">\n\t\t\t<div class=\"elementor-post__thumbnail\"><img width=\"1024\" height=\"1024\" src=\"https:\/\/newchapter.io\/wp-content\/uploads\/2024\/02\/podcast.webp\" class=\"attachment-1536x1536 size-1536x1536 wp-image-6934\" alt=\"\" decoding=\"async\" srcset=\"https:\/\/newchapter.io\/wp-content\/uploads\/2024\/02\/podcast.webp 1024w, https:\/\/newchapter.io\/wp-content\/uploads\/2024\/02\/podcast-300x300.webp 300w, https:\/\/newchapter.io\/wp-content\/uploads\/2024\/02\/podcast-150x150.webp 150w, https:\/\/newchapter.io\/wp-content\/uploads\/2024\/02\/podcast-768x768.webp 768w, https:\/\/newchapter.io\/wp-content\/uploads\/2024\/02\/podcast-12x12.webp 12w, https:\/\/newchapter.io\/wp-content\/uploads\/2024\/02\/podcast-600x600.webp 600w\" sizes=\"(max-width: 1024px) 100vw, 1024px\" \/><\/div>\n\t\t<\/a>\n\t\t\t\t<div class=\"elementor-post__text\">\n\t\t\t\t<h3 class=\"elementor-post__title\">\n\t\t\t<a href=\"https:\/\/newchapter.io\/en\/wie-man-aerztinnen-und-aerzte-gewinnt%f0%9f%8e%99%ef%b8%8f\/\" target=\"_blank\">\n\t\t\t\tWie man \u00c4rztinnen und \u00c4rzte gewinnt- Die Kunst als Klinik beliebt und einflussreich zu sein\t\t\t<\/a>\n\t\t<\/h3>\n\t\t\t\t<div class=\"elementor-post__excerpt\">\n\t\t\t<p>Anne im Gespr\u00e4ch mit Frau Dr. Alexandra Widmer.<\/p>\n\t\t<\/div>\n\t\t\t\t\t<a class=\"elementor-post__read-more\" href=\"https:\/\/newchapter.io\/en\/wie-man-aerztinnen-und-aerzte-gewinnt%f0%9f%8e%99%ef%b8%8f\/\" target=\"_blank\">\n\t\t\t\tWeiterlesen \u00bb\t\t\t<\/a>\n\t\t\t\t<\/div>\n\t\t\t\t<div class=\"elementor-post__meta-data\">\n\t\t\t\t\t<span class=\"elementor-post-date\">\n\t\t\tFebruary 1, 2023\t\t<\/span>\n\t\t\t\t<\/div>\n\t\t\t\t\t<\/div>\n\t\t<\/article>\n\t\t\t\t<article class=\"elementor-post elementor-grid-item post-6928 post type-post status-publish format-standard has-post-thumbnail hentry category-allgemein entry has-media\">\n\t\t\t<div class=\"elementor-post__card\">\n\t\t\t\t<a class=\"elementor-post__thumbnail__link\" href=\"https:\/\/newchapter.io\/en\/personalberatung-dobrindt-schlaegt-neues-kapitel-auf%f0%9f%93%83\/\" target=\"_blank\">\n\t\t\t<div class=\"elementor-post__thumbnail\"><img loading=\"lazy\" width=\"1536\" height=\"1024\" src=\"https:\/\/newchapter.io\/wp-content\/uploads\/2022\/05\/AWS-2022-04-26_Dobrindt_0189-2-1536x1024.jpg\" class=\"attachment-1536x1536 size-1536x1536 wp-image-7079\" alt=\"\" decoding=\"async\" srcset=\"https:\/\/newchapter.io\/wp-content\/uploads\/2022\/05\/AWS-2022-04-26_Dobrindt_0189-2-1536x1024.jpg 1536w, https:\/\/newchapter.io\/wp-content\/uploads\/2022\/05\/AWS-2022-04-26_Dobrindt_0189-2-300x200.jpg 300w, https:\/\/newchapter.io\/wp-content\/uploads\/2022\/05\/AWS-2022-04-26_Dobrindt_0189-2-1024x683.jpg 1024w, https:\/\/newchapter.io\/wp-content\/uploads\/2022\/05\/AWS-2022-04-26_Dobrindt_0189-2-768x512.jpg 768w, https:\/\/newchapter.io\/wp-content\/uploads\/2022\/05\/AWS-2022-04-26_Dobrindt_0189-2-2048x1365.jpg 2048w, https:\/\/newchapter.io\/wp-content\/uploads\/2022\/05\/AWS-2022-04-26_Dobrindt_0189-2-18x12.jpg 18w\" sizes=\"(max-width: 1536px) 100vw, 1536px\" \/><\/div>\n\t\t<\/a>\n\t\t\t\t<div class=\"elementor-post__text\">\n\t\t\t\t<h3 class=\"elementor-post__title\">\n\t\t\t<a href=\"https:\/\/newchapter.io\/en\/personalberatung-dobrindt-schlaegt-neues-kapitel-auf%f0%9f%93%83\/\" target=\"_blank\">\n\t\t\t\tPersonalberatung Dobrindt. schl\u00e4gt neues Kapitel auf\t\t\t<\/a>\n\t\t<\/h3>\n\t\t\t\t<div class=\"elementor-post__excerpt\">\n\t\t\t<p>Silvia Dobrindt \u00fcbergibt ihr Unternehmen an die Gr\u00fcnderin von New Chapter, Dr. Anne Wichels-Schnieber.<\/p>\n\t\t<\/div>\n\t\t\t\t\t<a class=\"elementor-post__read-more\" href=\"https:\/\/newchapter.io\/en\/personalberatung-dobrindt-schlaegt-neues-kapitel-auf%f0%9f%93%83\/\" target=\"_blank\">\n\t\t\t\tWeiterlesen \u00bb\t\t\t<\/a>\n\t\t\t\t<\/div>\n\t\t\t\t<div class=\"elementor-post__meta-data\">\n\t\t\t\t\t<span class=\"elementor-post-date\">\n\t\t\tMay 2, 2022\t\t<\/span>\n\t\t\t\t<\/div>\n\t\t\t\t\t<\/div>\n\t\t<\/article>\n\t\t\t\t<article class=\"elementor-post elementor-grid-item post-6926 post type-post status-publish format-standard has-post-thumbnail hentry category-allgemein entry has-media\">\n\t\t\t<div class=\"elementor-post__card\">\n\t\t\t\t<a class=\"elementor-post__thumbnail__link\" href=\"https:\/\/newchapter.io\/en\/junge-aerzte-anne-wichels-schnieber-ueber-die-versorgung-von-morgen%f0%9f%93%bd%ef%b8%8f\/\" target=\"_blank\">\n\t\t\t<div class=\"elementor-post__thumbnail\"><img loading=\"lazy\" width=\"722\" height=\"406\" src=\"https:\/\/newchapter.io\/wp-content\/uploads\/2019\/05\/Screenshot-2024-05-27-133345.png\" class=\"attachment-1536x1536 size-1536x1536 wp-image-6953\" alt=\"\" decoding=\"async\" srcset=\"https:\/\/newchapter.io\/wp-content\/uploads\/2019\/05\/Screenshot-2024-05-27-133345.png 722w, https:\/\/newchapter.io\/wp-content\/uploads\/2019\/05\/Screenshot-2024-05-27-133345-300x169.png 300w, https:\/\/newchapter.io\/wp-content\/uploads\/2019\/05\/Screenshot-2024-05-27-133345-18x10.png 18w\" sizes=\"(max-width: 722px) 100vw, 722px\" \/><\/div>\n\t\t<\/a>\n\t\t\t\t<div class=\"elementor-post__text\">\n\t\t\t\t<h3 class=\"elementor-post__title\">\n\t\t\t<a href=\"https:\/\/newchapter.io\/en\/junge-aerzte-anne-wichels-schnieber-ueber-die-versorgung-von-morgen%f0%9f%93%bd%ef%b8%8f\/\" target=\"_blank\">\n\t\t\t\tJunge \u00c4rzte: Anne Wichels-Schnieber \u00fcber die Versorgung von morgen\t\t\t<\/a>\n\t\t<\/h3>\n\t\t\t\t<div class=\"elementor-post__excerpt\">\n\t\t\t<p>Anne im Interview mit dem Deutschen \u00c4rzteblatt, 122. Deutschen \u00c4rztetag.<\/p>\n\t\t<\/div>\n\t\t\t\t\t<a class=\"elementor-post__read-more\" href=\"https:\/\/newchapter.io\/en\/junge-aerzte-anne-wichels-schnieber-ueber-die-versorgung-von-morgen%f0%9f%93%bd%ef%b8%8f\/\" target=\"_blank\">\n\t\t\t\tWeiterlesen \u00bb\t\t\t<\/a>\n\t\t\t\t<\/div>\n\t\t\t\t<div class=\"elementor-post__meta-data\">\n\t\t\t\t\t<span class=\"elementor-post-date\">\n\t\t\tMay 29, 2019\t\t<\/span>\n\t\t\t\t<\/div>\n\t\t\t\t\t<\/div>\n\t\t<\/article>\n\t\t\t\t<article class=\"elementor-post elementor-grid-item post-6930 post type-post status-publish format-standard has-post-thumbnail hentry category-allgemein entry has-media\">\n\t\t\t<div class=\"elementor-post__card\">\n\t\t\t\t<a class=\"elementor-post__thumbnail__link\" href=\"https:\/\/newchapter.io\/en\/heldendaemmerung%f0%9f%93%83\/\" target=\"_blank\">\n\t\t\t<div class=\"elementor-post__thumbnail\"><img loading=\"lazy\" width=\"1536\" height=\"1503\" src=\"https:\/\/newchapter.io\/wp-content\/uploads\/2017\/02\/Anne-Brandeins-scaled-e1716810623521-1536x1503.jpg\" class=\"attachment-1536x1536 size-1536x1536 wp-image-6955\" alt=\"\" decoding=\"async\" srcset=\"https:\/\/newchapter.io\/wp-content\/uploads\/2017\/02\/Anne-Brandeins-scaled-e1716810623521-1536x1503.jpg 1536w, https:\/\/newchapter.io\/wp-content\/uploads\/2017\/02\/Anne-Brandeins-scaled-e1716810623521-300x294.jpg 300w, https:\/\/newchapter.io\/wp-content\/uploads\/2017\/02\/Anne-Brandeins-scaled-e1716810623521-1024x1002.jpg 1024w, https:\/\/newchapter.io\/wp-content\/uploads\/2017\/02\/Anne-Brandeins-scaled-e1716810623521-768x752.jpg 768w, https:\/\/newchapter.io\/wp-content\/uploads\/2017\/02\/Anne-Brandeins-scaled-e1716810623521-2048x2004.jpg 2048w, https:\/\/newchapter.io\/wp-content\/uploads\/2017\/02\/Anne-Brandeins-scaled-e1716810623521-12x12.jpg 12w\" sizes=\"(max-width: 1536px) 100vw, 1536px\" \/><\/div>\n\t\t<\/a>\n\t\t\t\t<div class=\"elementor-post__text\">\n\t\t\t\t<h3 class=\"elementor-post__title\">\n\t\t\t<a href=\"https:\/\/newchapter.io\/en\/heldendaemmerung%f0%9f%93%83\/\" target=\"_blank\">\n\t\t\t\tHeldend\u00e4mmerung\t\t\t<\/a>\n\t\t<\/h3>\n\t\t\t\t<div class=\"elementor-post__excerpt\">\n\t\t\t<p>Anne im Interview f\u00fcr brand eins.<\/p>\n\t\t<\/div>\n\t\t\t\t\t<a class=\"elementor-post__read-more\" href=\"https:\/\/newchapter.io\/en\/heldendaemmerung%f0%9f%93%83\/\" target=\"_blank\">\n\t\t\t\tWeiterlesen \u00bb\t\t\t<\/a>\n\t\t\t\t<\/div>\n\t\t\t\t<div class=\"elementor-post__meta-data\">\n\t\t\t\t\t<span class=\"elementor-post-date\">\n\t\t\tFebruary 8, 2017\t\t<\/span>\n\t\t\t\t<\/div>\n\t\t\t\t\t<\/div>\n\t\t<\/article>\n\t\t\t\t<\/div>\n\n\n\t\t\n\t\t\t\t<\/div>\n\t\t\t\t<\/div>\n\t\t\t\t<section class=\"elementor-section elementor-inner-section elementor-element elementor-element-59cc3f0 elementor-section-boxed elementor-section-height-default elementor-section-height-default\" data-id=\"59cc3f0\" data-element_type=\"section\">\n\t\t\t\t\t\t<div class=\"elementor-container elementor-column-gap-default\">\n\t\t\t\t\t<div class=\"elementor-column elementor-col-50 elementor-inner-column elementor-element elementor-element-ffefb45\" data-id=\"ffefb45\" data-element_type=\"column\">\n\t\t\t<div class=\"elementor-widget-wrap elementor-element-populated\">\n\t\t\t\t\t\t<div class=\"elementor-element elementor-element-d74112e elementor-widget__width-initial elementor-hidden-tablet elementor-hidden-mobile elementor-widget-divider--view-line elementor-widget elementor-widget-divider\" data-id=\"d74112e\" data-element_type=\"widget\" data-widget_type=\"divider.default\">\n\t\t\t\t<div class=\"elementor-widget-container\">\n\t\t\t\t\t<div class=\"elementor-divider\">\n\t\t\t<span class=\"elementor-divider-separator\">\n\t\t\t\t\t\t<\/span>\n\t\t<\/div>\n\t\t\t\t<\/div>\n\t\t\t\t<\/div>\n\t\t\t\t<div class=\"elementor-element elementor-element-618c4c9 elementor-widget__width-initial elementor-widget elementor-widget-text-editor\" data-id=\"618c4c9\" data-element_type=\"widget\" data-widget_type=\"text-editor.default\">\n\t\t\t\t<div class=\"elementor-widget-container\">\n\t\t\t\t\t\t\t<h1 style=\"font-variant-ligatures: normal; font-variant-caps: normal; font-family: 'Roboto Condensed', sans-serif; font-style: normal; font-weight: var( --e-global-typography-primary-font-weight ); text-transform: none; letter-spacing: 1px; text-align: right;\" data-elementor-setting-key=\"title\" data-pen-placeholder=\"Type Here...\"><a href=\"https:\/\/www.my-headhunter.com\/headhunters\/1348457575\/dr-anne-wichels-schnieber\/reviews\" target=\"_blank\" rel=\"noopener\"><span style=\"font-size: 30px;\">Reviews<\/span><\/a><\/h1>\t\t\t\t\t\t<\/div>\n\t\t\t\t<\/div>\n\t\t\t\t\t<\/div>\n\t\t<\/div>\n\t\t\t\t<div class=\"elementor-column elementor-col-50 elementor-inner-column elementor-element elementor-element-5e0a3bd\" data-id=\"5e0a3bd\" data-element_type=\"column\">\n\t\t\t<div class=\"elementor-widget-wrap elementor-element-populated\">\n\t\t\t\t\t\t<div class=\"elementor-element elementor-element-101f939 elementor-widget elementor-widget-spacer\" data-id=\"101f939\" data-element_type=\"widget\" data-widget_type=\"spacer.default\">\n\t\t\t\t<div class=\"elementor-widget-container\">\n\t\t\t\t\t<div class=\"elementor-spacer\">\n\t\t\t<div class=\"elementor-spacer-inner\"><\/div>\n\t\t<\/div>\n\t\t\t\t<\/div>\n\t\t\t\t<\/div>\n\t\t\t\t<div class=\"elementor-element elementor-element-830ad58 elementor--star-style-star_fontawesome elementor-widget elementor-widget-star-rating\" data-id=\"830ad58\" data-element_type=\"widget\" data-widget_type=\"star-rating.default\">\n\t\t\t\t<div class=\"elementor-widget-container\">\n\t\t\t\n\t\t<div class=\"elementor-star-rating__wrapper\">\n\t\t\t\t\t\t<div class=\"elementor-star-rating\" title=\"5\/5\" itemtype=\"http:\/\/schema.org\/Rating\" itemscope=\"\" itemprop=\"reviewRating\"><i class=\"elementor-star-full\">&#xE934;<\/i><i class=\"elementor-star-full\">&#xE934;<\/i><i class=\"elementor-star-full\">&#xE934;<\/i><i class=\"elementor-star-full\">&#xE934;<\/i><i class=\"elementor-star-full\">&#xE934;<\/i> <span itemprop=\"ratingValue\" class=\"elementor-screen-only\">5\/5<\/span><\/div>\t\t<\/div>\n\t\t\t\t<\/div>\n\t\t\t\t<\/div>\n\t\t\t\t<div class=\"elementor-element elementor-element-817d724 elementor-blockquote--skin-quotation elementor-blockquote--button-color-official elementor-widget elementor-widget-blockquote\" data-id=\"817d724\" data-element_type=\"widget\" data-widget_type=\"blockquote.default\">\n\t\t\t\t<div class=\"elementor-widget-container\">\n\t\t\t\t\t<blockquote class=\"elementor-blockquote\">\n\t\t\t<p class=\"elementor-blockquote__content\">\n\t\t\t\tNach sehr durchwachsenen Kontakten zu diversen Headhuntern, war die Zusammenarbeit mit Frau Dr. Wichels-Schnieber eine au\u00dfergew\u00f6hnlich gute und vor allem erfolgreiche Erfahrung. Wobei man hervorheben muss, dass man es hier mit einer studierten \u00c4rztin zu tun hat und genau das macht einen enormen Unterschied. Sie schafft es, auf h\u00f6chst professionelle Art und Weise die Interessen des Unternehmens und des Kandidaten zusammenzubringen. Ich bin sehr dankbar f\u00fcr diese gro\u00dfartige Arbeit wodurch ich meinen pers\u00f6nlichen neuen Abschnitt beginnen durfte. \t\t\t<\/p>\n\t\t\t\t\t\t\t<footer>\n\t\t\t\t\t\t\t\t\t\t\t<cite class=\"elementor-blockquote__author\">Candidate<\/cite>\n\t\t\t\t\t\t\t\t\t\t\t\t\t\t<\/footer>\n\t\t\t\t\t<\/blockquote>\n\t\t\t\t<\/div>\n\t\t\t\t<\/div>\n\t\t\t\t\t<\/div>\n\t\t<\/div>\n\t\t\t\t\t<\/div>\n\t\t<\/section>\n\t\t\t\t<div class=\"elementor-element elementor-element-9c5d4a1 elementor-widget elementor-widget-spacer\" data-id=\"9c5d4a1\" data-element_type=\"widget\" data-widget_type=\"spacer.default\">\n\t\t\t\t<div class=\"elementor-widget-container\">\n\t\t\t\t\t<div class=\"elementor-spacer\">\n\t\t\t<div class=\"elementor-spacer-inner\"><\/div>\n\t\t<\/div>\n\t\t\t\t<\/div>\n\t\t\t\t<\/div>\n\t\t\t\t<div class=\"elementor-element elementor-element-39a962bb elementor-widget-mobile__width-initial elementor-widget elementor-widget-menu-anchor\" data-id=\"39a962bb\" data-element_type=\"widget\" data-widget_type=\"menu-anchor.default\">\n\t\t\t\t<div class=\"elementor-widget-container\">\n\t\t\t\t\t<div class=\"elementor-menu-anchor\" id=\"contact\"><\/div>\n\t\t\t\t<\/div>\n\t\t\t\t<\/div>\n\t\t\t\t<div class=\"elementor-element elementor-element-8dcecaf elementor-widget-divider--view-line elementor-widget elementor-widget-global elementor-global-2958 elementor-widget-divider\" data-id=\"8dcecaf\" data-element_type=\"widget\" data-widget_type=\"divider.default\">\n\t\t\t\t<div class=\"elementor-widget-container\">\n\t\t\t\t\t<div class=\"elementor-divider\">\n\t\t\t<span class=\"elementor-divider-separator\">\n\t\t\t\t\t\t<\/span>\n\t\t<\/div>\n\t\t\t\t<\/div>\n\t\t\t\t<\/div>\n\t\t\t\t<div class=\"elementor-element elementor-element-92ee641 elementor-widget elementor-widget-spacer\" data-id=\"92ee641\" data-element_type=\"widget\" data-widget_type=\"spacer.default\">\n\t\t\t\t<div class=\"elementor-widget-container\">\n\t\t\t\t\t<div class=\"elementor-spacer\">\n\t\t\t<div class=\"elementor-spacer-inner\"><\/div>\n\t\t<\/div>\n\t\t\t\t<\/div>\n\t\t\t\t<\/div>\n\t\t\t\t<div class=\"elementor-element elementor-element-f3b0ea2 elementor-widget elementor-widget-text-editor\" data-id=\"f3b0ea2\" data-element_type=\"widget\" data-widget_type=\"text-editor.default\">\n\t\t\t\t<div class=\"elementor-widget-container\">\n\t\t\t\t\t\t\t<h5 style=\"text-align: center;\"><span style=\"color: #ffffff;\"><a href=\"https:\/\/newchapter.io\/datenschutz-infos\/\">data privacy<\/a>\u00a0 \u00a0 \u00a0 \u00a0 \u00a0 \u00a0 \u00a0 \u00a0 \u00a0 \u00a0 \u00a0 \u00a0 <a href=\"https:\/\/newchapter.io\/en\/legal-disclosure\/\">legal disclosure<\/a>\u00a0\u00a0<\/span><\/h5>\t\t\t\t\t\t<\/div>\n\t\t\t\t<\/div>\n\t\t\t\t\t<\/div>\n\t\t<\/div>\n\t\t\t\t\t<\/div>\n\t\t<\/header>\n\t\t\t\t<header class=\"elementor-section elementor-top-section elementor-element elementor-element-2041955d elementor-section-height-min-height elementor-section-items-top elementor-section-boxed elementor-section-height-default\" data-id=\"2041955d\" data-element_type=\"section\" id=\"dsec\" data-settings=\"{&quot;background_background&quot;:&quot;classic&quot;}\">\n\t\t\t\t\t\t\t<div class=\"elementor-background-overlay\"><\/div>\n\t\t\t\t\t\t\t<div class=\"elementor-container elementor-column-gap-default\">\n\t\t\t\t\t<div class=\"elementor-column elementor-col-100 elementor-top-column elementor-element elementor-element-681be281\" data-id=\"681be281\" data-element_type=\"column\">\n\t\t\t<div class=\"elementor-widget-wrap elementor-element-populated\">\n\t\t\t\t\t\t<section class=\"elementor-section elementor-inner-section elementor-element elementor-element-17fec9bd elementor-section-boxed elementor-section-height-default elementor-section-height-default\" data-id=\"17fec9bd\" data-element_type=\"section\">\n\t\t\t\t\t\t<div class=\"elementor-container elementor-column-gap-default\">\n\t\t\t\t\t<div class=\"elementor-column elementor-col-100 elementor-inner-column elementor-element elementor-element-75330cf6\" data-id=\"75330cf6\" data-element_type=\"column\">\n\t\t\t<div class=\"elementor-widget-wrap elementor-element-populated\">\n\t\t\t\t\t\t<div class=\"elementor-element elementor-element-64fcd27d elementor-widget-mobile__width-initial elementor-widget elementor-widget-heading\" data-id=\"64fcd27d\" data-element_type=\"widget\" data-settings=\"{&quot;_animation&quot;:&quot;none&quot;}\" data-widget_type=\"heading.default\">\n\t\t\t\t<div class=\"elementor-widget-container\">\n\t\t\t<h1 class=\"elementor-heading-title elementor-size-default\">data privacy<\/h1>\t\t<\/div>\n\t\t\t\t<\/div>\n\t\t\t\t<div class=\"elementor-element elementor-element-383f6515 elementor-widget elementor-widget-text-editor\" data-id=\"383f6515\" data-element_type=\"widget\" data-widget_type=\"text-editor.default\">\n\t\t\t\t<div class=\"elementor-widget-container\">\n\t\t\t\t\t\t\t<p><strong><span style=\"text-decoration: underline;\">Datenschutzerkl\u00e4rung zur Website der New Chapter Executive Search GmbH<\/span><\/strong><\/p><p><strong>1. ALLGEMEIN<\/strong><\/p><p>Mit dem Betrieb unserer Webseite mit der URL www.newchapter.io (im Folgenden \u201eWebseite\u201c genannt) verar-beiten wir personenbezogene Daten. Diese werden von uns vertraulich behandelt und nach den geltenden Ge-setzen \u2013 insbesondere der Datenschutzgrundverordnung (DSGVO) und des Bundesdatenschutzgesetzes (BDSG) \u2013 verarbeitet. Mit diesen Datenschutzbestimmungen wollen wir Sie dar\u00fcber informieren, welche personenbezo-genen Daten wir von Ihnen erheben, zu welchen Zwecken und auf welcher Rechtsgrundlage wir sie verwenden und gegebenenfalls wem wir sie offenlegen. Dar\u00fcber hinaus werden wir Ihnen erkl\u00e4ren, welche Rechte Ihnen zur Wahrung und Durchsetzung Ihres Datenschutzes zustehen.<\/p><p><strong>2. BEGRIFFE<\/strong><\/p><p>Unsere Datenschutzbestimmungen enthalten Fachbegriffe, die in der DSGVO und dem BDSG stehen. Zu Ihrem besseren Verst\u00e4ndnis wollen wir diese Begriffe in einfachen Worten vorab erkl\u00e4ren:<\/p><p><em>2.1 Personenbezogene Daten <\/em><\/p><p>\u201ePersonenbezogene Daten\u201c sind alle Informationen, die sich auf eine identifizierte oder identifizierbare Person beziehen (Art. 4 Nr. 1 DSGVO). Angaben einer identifizierten Person k\u00f6nnen z. B. der Name oder die E-Mail-Adresse sein. Personenbezogen sind aber auch Daten, bei denen die Identit\u00e4t nicht unmittelbar ersichtlich ist, sich aber ermitteln l\u00e4sst, indem man eigene oder fremde Informationen kombiniert und so erf\u00e4hrt um wen es sich handelt. Eine Person wird z. B. \u00fcber die Angabe Ihrer Anschrift oder Bankverbindung, Ihres Geburtsdatums oder Benutzernamens, Ihrer IP-Adressen und\/oder Standortdaten identifizierbar. Relevant sind hier alle Infor-mationen, die in irgendeiner Weise einen R\u00fcckschluss auf eine Person zulassen.<\/p><p><em>2.2 Verarbeitung <\/em><\/p><p>Unter einer \u201eVerarbeitung\u201c versteht Art. 4 Nr. 2 DSGVO jeden Vorgang im Zusammenhang mit personenbezoge-nen Daten. Dies betrifft insbesondere das Erheben, das Erfassen, die Organisation, das Ordnen, die Speicherung, die Anpassung oder Ver\u00e4nderung, das Auslesen, das Abfragen, die Verwendung, die Offenlegung, \u00dcbermittlung, Verbreitung oder eine andere Form der Bereitstellung, den Abgleich oder die Verkn\u00fcpfung, die Einschr\u00e4nkung, das L\u00f6schen oder die Vernichtung von personenbezogenen Daten.<\/p><p><span style=\"text-decoration: underline;\"><strong>II. Verantwortlicher und Datenschutzbeauftragter<\/strong><\/span><\/p><p><strong>3. VERANTWORTLICHER<\/strong><\/p><p><em>Verantwortlich f\u00fcr die Datenverarbeitung ist:<\/em><\/p><p><span style=\"text-decoration: underline;\">Unternehmen:<\/span> NEW CHAPTER Executive Search GmbH (&#8222;wir&#8220;) Gesetzlicher Vertreter: Dr. med Anne Wichels-Schnieber, Julia Mandl (Gesch\u00e4ftsf\u00fchrer) Anschrift: Gurlittstr. 27, 20099 Hamburg Telefon: +49 151 517 40451 Fax: +49 172 6166 230 E-Mail: office@newchapter.io<\/p><p><strong>4. DATENSCHUTZBEAUFTRAGTER<\/strong><\/p><p>Wir haben f\u00fcr unser Unternehmen einen externen Datenschutzbeauftragten bestellt. Sie erreichen ihn unter:<\/p><p>Name: Arne Platzbecker Anschrift: HABEWI GmbH &amp; Co. KG, Palmaille 96, 22767 Hamburg Telefon: 040\/ 46008966 Fax: 040\/ 46008977 E-Mail: datenschutz@habewi.de<\/p><p><strong>III. Verarbeitungsrahmen<\/strong><\/p><p><strong>5. VERARBEITUNGSRAHMEN: WEBSEITE<\/strong><\/p><p>Im Rahmen der Webseite verarbeiten wir die nachfolgend im Abschnitt IV. im Einzelnen aufgef\u00fchrten personen-bezogenen Daten von Ihnen. Wir verarbeiten nur Daten von Ihnen, die Sie aktiv auf der Webseite angeben (z.B. durch das Ausf\u00fcllen von Formularen) oder die Sie bei der Nutzung unseres Angebotes automatisch zur Verf\u00fcgung stellen.<\/p><p>Ihre Daten werden ausschlie\u00dflich von uns verarbeitet und grunds\u00e4tzlich nicht an Dritte verkauft, verliehen oder weitergegeben. Sofern wir uns bei der Verarbeitung Ihrer personenbezogenen Daten der Hilfe externer Dienst-leister bedienen, erfolgt dies im Rahmen einer sogenannten Auftragsverarbeitung, bei der wir als Auftraggeber unseren Auftragnehmern gegen\u00fcber weisungsbefugt sind. Zum Betrieb unserer Webseite setzen wir f\u00fcr das Hosting externe Dienstleister ein. Wir hosten unsere Webseite beim externen Anbieter Ionos (1&amp;1 IONOS SE, Elgendorfer Str. 5756410 Montabaur, Deutschland) im Rechenzentrumsstandort [&#8230;], [&#8230;]. Sollten bei einzelnen, der in Abschnitt IV. aufgef\u00fchrten Verarbeitungen weitere externe Dienstleister zum Einsatz kommen, werden sie dort benannt.<\/p><p>Eine Daten\u00fcbermittlung in Drittstaaten findet durch uns grunds\u00e4tzlich nicht statt und ist auch nicht geplant. \u00dcber Ausnahmen von diesem Grundsatz werden wir in den nachfolgend dargestellten Verarbeitungen informieren. Eine etwaige Daten\u00fcbermittlung in Drittstaaten erfolgt dann auf Grundlage der sogenannten EU-Standardvertragsklauseln.<\/p><p><strong>IV. Die Verarbeitung im Einzelnen<\/strong><\/p><p><strong>6. BEREITSTELLUNG DER WEBSEITE UND SERVER-LOGFILES<\/strong><\/p><p><em>6.1 Beschreibung der Verarbeitung <\/em><\/p><p>Bei jedem Aufruf der Webseite erfassen wir automatisch Informationen, die Ihr Browser an unseren Server \u00fcbermittelt. Dabei handelt es sich um die folgenden Daten:<\/p><p>\u00b7 IP-Adresse<\/p><p>\u00b7 verwendete Browsersoftware, sowie deren Version und Sprache<\/p><p>\u00b7 Betriebssystem<\/p><p>\u00b7 die Website, von der Besucher auf die Website gelangt sind (sogenannter Referrer)<\/p><p>\u00b7 das Datum und die Uhrzeit des Aufrufs der Website<\/p><p>Diese werden auch in den sogenannten Logfiles unseres Systems gespeichert. Die vor\u00fcbergehende Speicherung Ihrer IP-Adresse durch das System ist notwendig, um unsere Webseite an das Endger\u00e4t eines Nutzers ausliefern zu k\u00f6nnen. Hierf\u00fcr muss die IP-Adresse des Nutzers f\u00fcr die Dauer der Sitzung gespeichert bleiben. Ihre IP-Adresse wird aus Sicherheitsgr\u00fcnden zur Abwehr von Angriffen auf unsere Webseite (insbesondere von sogenannten DDos-Attacken) und zur Betrugspr\u00e4vention auch in den Logfiles erfasst.<\/p><p><em>6.2 Zweck <\/em><\/p><p>Die Verarbeitung erfolgt, um den Aufruf der Webseite zu erm\u00f6glichen, sowie deren Stabilit\u00e4t und Sicherheit zu gew\u00e4hrleisten. Dar\u00fcber hinaus dient die Verarbeitung der statistischen Auswertung und Verbesserung unseres Online-Angebotes.<\/p><p><em>6.3 Rechtsgrundlage <\/em><\/p><p>Die Verarbeitung ist zur Wahrung der \u00fcberwiegenden berechtigten Interessen des Verantwortlichen erforderlich (Art. 6 Abs. 1 lit. f DSGVO). Unser berechtigtes Interesse liegt in dem, in Ziffer 6.2 benannten Zweck.<\/p><p><em>6.4 Speicherdauer <\/em><\/p><p>Die Daten werden gel\u00f6scht, sobald sie f\u00fcr die Erreichung des Zweckes ihrer Erhebung nicht mehr erforderlich sind. Im Falle der Erfassung der Daten zur Bereitstellung der Website ist dies der Fall, wenn die jeweilige Sitzung beendet ist. Eine L\u00f6schung der Logfiles erfolgt nach 56 Tagen.<\/p><p><strong>7. KONTAKTAUFNAHME PER E-MAIL<\/strong><\/p><p><em>7.1 Beschreibung der Verarbeitung <\/em><\/p><p>Sie k\u00f6nnen auch \u00fcber die auf der Webseite angegebenen E-Mail-Adressen Kontakt mit uns aufnehmen. Zur Kon-taktaufnahme k\u00f6nnen Sie uns \u00fcber die auf der Webseite angegebene E-Mail-Adresse anschreiben. In diesem Fall werden die mit der E-Mail \u00fcbermittelten personenbezogenen Daten durch uns verarbeitet.<\/p><p><em>7.2 Zweck <\/em><\/p><p>Die mit und in Ihrer E-Mail \u00fcbermittelten Daten werden ausschlie\u00dflich zum Zwecke der Bearbeitung und Beant-wortung Ihres Anliegens verwendet.<\/p><p><em>7.3 Rechtsgrundlage <\/em><\/p><p>Die Verarbeitung ist zur Wahrung der \u00fcberwiegenden berechtigten Interessen des Verantwortlichen erforderlich (Art. 6 Abs. 1 lit. f DSGVO). Unser berechtigtes Interesse liegt in dem, in Ziffer 7.2 benannten Zweck. Sofern der E-Mail-Kontakt auf den Abschluss oder der Erf\u00fcllung eines Vertrages abzielt, so erfolgt die Datenverarbeitung zur Vertragserf\u00fcllung (Art. 6 Abs. 1 lit. b DSGVO).<\/p><p><em>7.4 Speicherdauer <\/em><\/p><p>Die Daten werden von uns gel\u00f6scht, sobald sie f\u00fcr die Erreichung des Zweckes ihrer Erhebung nicht mehr erfor-derlich sind. Dies ist f\u00fcr gew\u00f6hnlich der Fall, wenn die jeweilige Kommunikation mit Ihnen beendet ist. Beendet ist die Kommunikation dann, wenn sich aus den Umst\u00e4nden entnehmen l\u00e4sst, dass Ihr Anliegen abschlie\u00dfend gekl\u00e4rt ist. Sofern gesetzliche Aufbewahrungsfristen einer L\u00f6schung entgegenstehen, erfolgt eine L\u00f6schung un-verz\u00fcglich nach Ablauf der gesetzlichen Aufbewahrungsfrist.<\/p><p><strong>8. SOZIALE NETZWERKE<\/strong><\/p><p><em>8.1 Beschreibung der Verarbeitung <\/em><\/p><p>Unsere Webseite verwendet keine sogenannten Social Media Plugins. Die auf unserer Webseite angezeigten Logos von LinkedIn und Xing sind lediglich mit den entsprechenden Profilen unseres Unternehmens auf den Sozialen Netzwerken verlinkt. Eine Daten\u00fcbermittlung an die Sozialen Netzwerke findet mit der Einbindung der Logos nicht statt. Wenn Sie eines der Logos anklicken, werden Sie lediglich auf die externe Webseite des jeweiligen Sozialen Netzwerks weitergeleitet.<\/p><p>Eine Datenverarbeitung stellen jedoch unsere Profile innerhalb der Sozialen Netzwerke dar. Sofern Sie beim Be-such eines solchen Profils beim jeweiligen Sozialen Netzwerk eingeloggt sind, werden diese Informationen Ihrem dortigen Benutzerkonto zugeordnet. Wenn Sie mit unserem Profil interagieren, z.B. einen Beitrag kommentieren, \u201eteilen\u201c, \u201eliken\u201c oder \u201eretweeten\u201c, werden auch diese Informationen in Ihrem Benutzerkonto gespeichert. Ihre Interaktionen mit unserem Profil sind von uns im Regelfall auch einsehbar.<\/p><p><em>8.2 <\/em><\/p><p>Auf dem Sozialen Netzwerk LinkedIn haben wir \u00fcber die sogenannte \u201eInsights\u201c -Funktion die M\u00f6glichkeit, statistische Daten \u00fcber die Nutzung unseres LinkedIn-Profils zu erhalten.<\/p><p>Die Sozialen Netzwerke, mit denen Sie kommunizieren, speichern Ihre Daten unter Verwendung von Pseudonymen als Nutzungsprofile und verwenden sie f\u00fcr Werbezwecke und zur Marktforschung. So k\u00f6nnen Ihnen z.B. Werbeanzeigen innerhalb des Sozialen Netzwerkes und auf anderen Webseiten von Dritten angezeigt werden, die Ihren mutma\u00dflichen Interessen entsprechen. Zu diesem Zweck kommen im Regelfall Cookies zum Einsatz, die das Soziale Netzwerk auf Ihrem Endger\u00e4t ablegt. Ihnen steht gegen die Bildung dieser Nutzerprofile ein Widerspruchsrecht zu, f\u00fcr dessen Aus\u00fcbung Sie sich direkt an die Sozialen Netzwerke wenden m\u00fcssen.<\/p><p><em>8.3 Zweck <\/em><\/p><p>Wir unterhalten Profile bei den vorgenannten Sozialen Netzwerken zum Zwecke der \u00d6ffentlichkeitsarbeit und Unternehmenskommunikation mit Kunden und Interessierten. Die Funktion \u201eInsights\u201c von nutzen wir, um die Reichweite unserer Beitr\u00e4ge auf dem Sozialen Netzwerk auszuwerten und sie zuk\u00fcnftig f\u00fcr unsere Besucher an-sprechender zu gestalten.<\/p><p><em>8.4 Rechtsgrundlage <\/em><\/p><p>Rechtsgrundlage f\u00fcr die Datenverarbeitung im Rahmen unserer Profile auf Sozialen Netzwerken ist die Wahrung unserer \u00fcberwiegenden berechtigten Interessen (Art. 6 Abs. 1 lit. f DSGVO). Unser berechtigtes Interesse liegt in dem, in Ziffer 8.3 benannten Zweck. Sofern Sie vom jeweiligen Betreiber eines Sozialen Netzwerkes um eine Einwilligung gebeten werden, besteht die Rechtsgrundlage in Art. 6 Abs. 1 lit. a DSGVO. Die Datenverarbeitung<\/p><p>erfolgt im Hinblick auf unsere Pr\u00e4senzen auf , LinkedIn im \u00dcbrigen auf Grundlage einer gemeinsame Verantwort-lichkeit gem\u00e4\u00df Art. 26 DSGVO.<\/p><p><em>8.5 Empf\u00e4nger und \u00dcbermittlung in Drittstaaten <\/em><\/p><p>Die jeweiligen Sozialen Netzwerke werden von den nachfolgend aufgef\u00fchrten Unternehmen betrieben. Weitere Informationen zum Datenschutz im Hinblick auf unser Profil auf den Sozialen Netzwerken finden Sie in den verlinkten Datenschutzbestimmungen.<\/p><p>\u00b7 LinkedIn: LinkedIn Ireland Unlimited Company, Wilton Place, Dublin 2, Irland. Datenschutzbestimmungen: www.linkedin.com\/legal\/privacy-policy?trk=homepage-basic_footer-privacy-policy. Die Datenschutzvereinbarung mit LinkedIn finden Sie unter www.linkedin.com\/legal\/l\/dpa. Die Vereinbarung zur gemeinsamen Verantwortung ist auf legal.linkedin.com\/pages-joint-controller-addendum einsehbar.<\/p><p>\u00b7 Xing: New Work SE, Am Strandkai 1, 20457 Hamburg, Deutschland. Datenschutzbestimmungen: https:\/\/privacy.xing.com\/de\/datenschutzerklaerung .<\/p><p>Die Sozialen Netzwerke verarbeiten Ihre personenbezogenen Daten auch in den USA.<\/p><p><strong>V. Sicherheitsma\u00dfnahmen<\/strong><\/p><p><em>9. Sicherheitsma\u00dfnahmen<\/em><\/p><p>Um Ihre pers\u00f6nlichen Daten vor fremdem Zugriff zu sch\u00fctzen, haben wir unsere Webseite mit einem SSL- bzw. TLS-Zertifikat versehen. SSL steht f\u00fcr \u201eSecure-Sockets-Layer\u201c und TLS f\u00fcr \u201eTransport Layer Security\u201c und ver-schl\u00fcsselt die Kommunikation von Daten zwischen einer Webseite und dem Endger\u00e4t des Nutzers. Sie erkennen die aktive SSL- bzw. TLS-Verschl\u00fcsselung an einem kleinen Schloss-Logo, das ganz links in der Adresszeile des Browsers angezeigt wird.<\/p><p><strong>VI. Ihre Rechte<\/strong><\/p><p><em>10. Betroffenenrechte<\/em><\/p><p>Im Hinblick auf die oben beschriebene Datenverarbeitung durch unser Unternehmen stehen Ihnen die folgenden Betroffenenrechte zu:<\/p><p><em>10.1 Auskunft (Art. 15 DSGVO) <\/em><\/p><p>Sie haben das Recht, von uns eine Best\u00e4tigung dar\u00fcber zu verlangen, ob wir Sie betreffende personenbezogene Daten verarbeiten. Ist dies der Fall, so haben sie unter den in Art. 15 DSGVO genannten Voraussetzungen ein Recht auf Auskunft \u00fcber diese personenbezogenen Daten und auf die in Art. 15 DSGVO im einzelnen aufgef\u00fchrten Informationen.<\/p><p><em>10.2 Berichtigung (Art. 16 DSGVO) <\/em><\/p><p>Sie haben das Recht, von uns unverz\u00fcglich die Berichtigung Sie betreffender unrichtiger personenbezogener Da-ten und ggf. die Vervollst\u00e4ndigung unvollst\u00e4ndiger personenbezogener Daten zu verlangen.<\/p><p><em>10.3 L\u00f6schung (Art. 17 DSGVO) <\/em><\/p><p>Sie haben das Recht, von uns zu verlangen, dass Sie betreffende personenbezogene Daten unverz\u00fcglich gel\u00f6scht werden, sofern einer der in Art. 17 DSGVO im Einzelnen aufgef\u00fchrten Gr\u00fcnde zutrifft, z. B. wenn Ihre Daten f\u00fcr die von uns verfolgten Zwecke nicht mehr ben\u00f6tigt werden.<\/p><p><em>10.4 Einschr\u00e4nkung der Datenverarbeitung (Art. 18 DSGVO) <\/em><\/p><p>Sie haben das Recht, von uns die Einschr\u00e4nkung der Verarbeitung zu verlangen, wenn eine der in Art. 18 DSGVO aufgef\u00fchrten Voraussetzungen gegeben ist, z. B. wenn Sie die Richtigkeit Ihrer personenbezogenen Daten be-streiten, wird die Datenverarbeitung f\u00fcr die Dauer eingeschr\u00e4nkt, die uns die \u00dcberpr\u00fcfung der Richtigkeit Ihrer Daten erm\u00f6glicht.<\/p><p><em>10.5 Daten\u00fcbertragbarkeit (Art. 20 DSGVO) <\/em><\/p><p>Sie haben das Recht, unter den in Art. 20 DSGVO aufgef\u00fchrten Voraussetzungen, die Herausgabe der Sie betref-fenden Daten in einem strukturierten, g\u00e4ngigen und maschinenlesbaren Format zu verlangen.<\/p><p><em>10.6 Widerruf von Einwilligungen (Art. 7 Abs. 3 DSGVO) <\/em><\/p><p>Sie haben das Recht, bei einer Verarbeitung, die auf einer Einwilligung beruht, Ihre Einwilligung jederzeit zu wi-derrufen. Der Widerruf gilt ab dem Zeitpunkt seiner Geltendmachung. Er wirkt mit anderen Worten f\u00fcr die Zu-kunft. Die Verarbeitung wird durch den Widerruf der Einwilligung also nicht r\u00fcckwirkend rechtswidrig.<\/p><p><em>10.7 Beschwerde (Art. 77 DSGVO) <\/em><\/p><p>Wenn Sie der Ansicht sind, dass die Verarbeitung der Sie betreffenden personenbezogenen Daten gegen die DSGVO verst\u00f6\u00dft, haben Sie das Recht auf Beschwerde bei einer Aufsichtsbeh\u00f6rde. Sie k\u00f6nnen dieses Recht bei einer Aufsichtsbeh\u00f6rde in dem EU-Mitgliedstaat Ihres Aufenthaltsorts, Ihres Arbeitsplatzes oder des Orts des mutma\u00dflichen Versto\u00dfes geltend machen.<\/p><p><em>10.8 Verbot automatisierter Entscheidungen\/Profiling (Art. 22 DSGVO)<\/em><\/p><p>Entscheidungen, die f\u00fcr Sie rechtliche Folge nach sich ziehen oder Sie erheblich beeintr\u00e4chtigen, d\u00fcrfen nicht ausschlie\u00dflich auf eine automatisierte Verarbeitung personenbezogener Daten \u2013 einschlie\u00dflich eines Profiling \u2013 gest\u00fctzt werden. Wir teilen Ihnen mit, dass wir im Hinblick auf Ihre personenbezogenen Daten keine automati-sierte Entscheidungsfindung einschlie\u00dflich Profiling einsetzen.<\/p><p><em>10.9 Widerspruchsrecht (Art. 21 DSGVO) <\/em><\/p><p>Wenn wir personenbezogene Daten von Ihnen auf Grundlage von Art. 6 Abs. 1 lit. f DSGVO (zur Wahrung \u00fcber-wiegender berechtigten Interessen) verarbeiten, haben Sie das Recht, unter den in Art. 21 DSGVO aufgef\u00fchrten Voraussetzungen dagegen Widerspruch einzulegen. Dies gilt jedoch nur, soweit Gr\u00fcnde vorliegen, die sich aus Ihrer besonderen Situation ergeben. Nach einem Widerspruch verarbeiten wir Ihre personenbezogenen Daten nicht mehr, es sei denn, wir k\u00f6nnen zwingende schutzw\u00fcrdige Gr\u00fcnde f\u00fcr die Verarbeitung nachweisen, die Ihre Interessen, Rechte und Freiheiten \u00fcberwiegen. Wir m\u00fcssen die Verarbeitung ebenfalls nicht einstellen, wenn sie der Geltendmachung, Aus\u00fcbung oder Verteidigung von Rechtsanspr\u00fcchen dient. In jedem Fall \u2013 auch unabh\u00e4ngig von einer besonderen Situation \u2013 haben Sie das Recht, jederzeit Widerspruch gegen die Verarbeitung Ihrer per-sonenbezogenen Daten f\u00fcr Direktwerbung einzulegen.<\/p><p><span style=\"text-decoration: underline;\">Stand: Dezember 2021<\/span><\/p><p>office@newchapter.io<\/p>\t\t\t\t\t\t<\/div>\n\t\t\t\t<\/div>\n\t\t\t\t<div class=\"elementor-element elementor-element-3f9ba5a6 elementor-widget elementor-widget-spacer\" data-id=\"3f9ba5a6\" data-element_type=\"widget\" data-widget_type=\"spacer.default\">\n\t\t\t\t<div class=\"elementor-widget-container\">\n\t\t\t\t\t<div class=\"elementor-spacer\">\n\t\t\t<div class=\"elementor-spacer-inner\"><\/div>\n\t\t<\/div>\n\t\t\t\t<\/div>\n\t\t\t\t<\/div>\n\t\t\t\t<div class=\"elementor-element elementor-element-13ec1211 elementor-widget elementor-widget-image\" data-id=\"13ec1211\" data-element_type=\"widget\" data-widget_type=\"image.default\">\n\t\t\t\t<div class=\"elementor-widget-container\">\n\t\t\t\t\t\t\t\t\t\t\t\t\t<img loading=\"lazy\" decoding=\"async\" width=\"2000\" height=\"727\" src=\"https:\/\/newchapter.io\/wp-content\/uploads\/2021\/05\/LOGO_NewChapter.png\" class=\"attachment-full size-full wp-image-1736\" alt=\"New Chapter \u2013 Executive Search &amp; Leadership Advisory\" srcset=\"https:\/\/newchapter.io\/wp-content\/uploads\/2021\/05\/LOGO_NewChapter.png 2000w, https:\/\/newchapter.io\/wp-content\/uploads\/2021\/05\/LOGO_NewChapter-300x109.png 300w, https:\/\/newchapter.io\/wp-content\/uploads\/2021\/05\/LOGO_NewChapter-1024x372.png 1024w, https:\/\/newchapter.io\/wp-content\/uploads\/2021\/05\/LOGO_NewChapter-768x279.png 768w, https:\/\/newchapter.io\/wp-content\/uploads\/2021\/05\/LOGO_NewChapter-1536x558.png 1536w\" sizes=\"(max-width: 2000px) 100vw, 2000px\" \/>\t\t\t\t\t\t\t\t\t\t\t\t\t<\/div>\n\t\t\t\t<\/div>\n\t\t\t\t\t<\/div>\n\t\t<\/div>\n\t\t\t\t\t<\/div>\n\t\t<\/section>\n\t\t\t\t\t<\/div>\n\t\t<\/div>\n\t\t\t\t\t<\/div>\n\t\t<\/header>\n\t\t\t\t<section class=\"elementor-section elementor-top-section elementor-element elementor-element-c23f6cd elementor-section-boxed elementor-section-height-default elementor-section-height-default\" data-id=\"c23f6cd\" data-element_type=\"section\">\n\t\t\t\t\t\t<div class=\"elementor-container elementor-column-gap-default\">\n\t\t\t\t\t<div class=\"elementor-column elementor-col-100 elementor-top-column elementor-element elementor-element-26dd9d1\" data-id=\"26dd9d1\" data-element_type=\"column\">\n\t\t\t<div class=\"elementor-widget-wrap\">\n\t\t\t\t\t\t\t<\/div>\n\t\t<\/div>\n\t\t\t\t\t<\/div>\n\t\t<\/section>\n\t\t\t\t<section class=\"elementor-section elementor-top-section elementor-element elementor-element-51842a3 elementor-section-boxed elementor-section-height-default elementor-section-height-default\" data-id=\"51842a3\" data-element_type=\"section\">\n\t\t\t\t\t\t<div class=\"elementor-container elementor-column-gap-default\">\n\t\t\t\t\t<div class=\"elementor-column elementor-col-100 elementor-top-column elementor-element elementor-element-a3d7130\" data-id=\"a3d7130\" data-element_type=\"column\">\n\t\t\t<div class=\"elementor-widget-wrap elementor-element-populated\">\n\t\t\t\t\t\t<section class=\"elementor-section elementor-inner-section elementor-element elementor-element-956bb25 elementor-section-boxed elementor-section-height-default elementor-section-height-default\" data-id=\"956bb25\" data-element_type=\"section\">\n\t\t\t\t\t\t<div class=\"elementor-container elementor-column-gap-default\">\n\t\t\t\t\t<div class=\"elementor-column elementor-col-50 elementor-inner-column elementor-element elementor-element-63a445d\" data-id=\"63a445d\" data-element_type=\"column\">\n\t\t\t<div class=\"elementor-widget-wrap\">\n\t\t\t\t\t\t\t<\/div>\n\t\t<\/div>\n\t\t\t\t<div class=\"elementor-column elementor-col-50 elementor-inner-column elementor-element elementor-element-c6c082b\" data-id=\"c6c082b\" data-element_type=\"column\">\n\t\t\t<div class=\"elementor-widget-wrap\">\n\t\t\t\t\t\t\t<\/div>\n\t\t<\/div>\n\t\t\t\t\t<\/div>\n\t\t<\/section>\n\t\t\t\t\t<\/div>\n\t\t<\/div>\n\t\t\t\t\t<\/div>\n\t\t<\/section>\n\t\t\t\t<\/div>\n\t\t","protected":false},"excerpt":{"rendered":"<p>In den Chefetagen werden die Krawatten ausgezogen. Wir hatten nie welche an&#8230; news Hier bekommen Sie einen guten Eindruck von dem, was uns bewegt&#8230; Reviews &#xE934;&#xE934;&#xE934;&#xE934;&#xE934; 5\/5 Nach sehr durchwachsenen Kontakten zu diversen Headhuntern, war die Zusammenarbeit mit Frau Dr. Wichels-Schnieber eine au\u00dfergew\u00f6hnlich gute und vor allem erfolgreiche Erfahrung. Wobei man hervorheben muss, dass man [&hellip;]<\/p>\n","protected":false},"author":1,"featured_media":0,"parent":0,"menu_order":0,"comment_status":"closed","ping_status":"closed","template":"","meta":{"ocean_post_layout":"full-screen","ocean_both_sidebars_style":"","ocean_both_sidebars_content_width":0,"ocean_both_sidebars_sidebars_width":0,"ocean_sidebar":"0","ocean_second_sidebar":"0","ocean_disable_margins":"enable","ocean_add_body_class":"","ocean_shortcode_before_top_bar":"","ocean_shortcode_after_top_bar":"","ocean_shortcode_before_header":"","ocean_shortcode_after_header":"","ocean_has_shortcode":"","ocean_shortcode_after_title":"","ocean_shortcode_before_footer_widgets":"","ocean_shortcode_after_footer_widgets":"","ocean_shortcode_before_footer_bottom":"","ocean_shortcode_after_footer_bottom":"","ocean_display_top_bar":"off","ocean_display_header":"off","ocean_header_style":"","ocean_center_header_left_menu":"0","ocean_custom_header_template":"0","ocean_custom_logo":0,"ocean_custom_retina_logo":0,"ocean_custom_logo_max_width":0,"ocean_custom_logo_tablet_max_width":0,"ocean_custom_logo_mobile_max_width":0,"ocean_custom_logo_max_height":0,"ocean_custom_logo_tablet_max_height":0,"ocean_custom_logo_mobile_max_height":0,"ocean_header_custom_menu":"0","ocean_menu_typo_font_family":"0","ocean_menu_typo_font_subset":"","ocean_menu_typo_font_size":0,"ocean_menu_typo_font_size_tablet":0,"ocean_menu_typo_font_size_mobile":0,"ocean_menu_typo_font_size_unit":"px","ocean_menu_typo_font_weight":"","ocean_menu_typo_font_weight_tablet":"","ocean_menu_typo_font_weight_mobile":"","ocean_menu_typo_transform":"","ocean_menu_typo_transform_tablet":"","ocean_menu_typo_transform_mobile":"","ocean_menu_typo_line_height":0,"ocean_menu_typo_line_height_tablet":0,"ocean_menu_typo_line_height_mobile":0,"ocean_menu_typo_line_height_unit":"","ocean_menu_typo_spacing":0,"ocean_menu_typo_spacing_tablet":0,"ocean_menu_typo_spacing_mobile":0,"ocean_menu_typo_spacing_unit":"","ocean_menu_link_color":"","ocean_menu_link_color_hover":"","ocean_menu_link_color_active":"","ocean_menu_link_background":"","ocean_menu_link_hover_background":"","ocean_menu_link_active_background":"","ocean_menu_social_links_bg":"","ocean_menu_social_hover_links_bg":"","ocean_menu_social_links_color":"","ocean_menu_social_hover_links_color":"","ocean_disable_title":"on","ocean_disable_heading":"default","ocean_post_title":"","ocean_post_subheading":"","ocean_post_title_style":"","ocean_post_title_background_color":"","ocean_post_title_background":0,"ocean_post_title_bg_image_position":"","ocean_post_title_bg_image_attachment":"","ocean_post_title_bg_image_repeat":"","ocean_post_title_bg_image_size":"","ocean_post_title_height":0,"ocean_post_title_bg_overlay":0.5,"ocean_post_title_bg_overlay_color":"","ocean_disable_breadcrumbs":"default","ocean_breadcrumbs_color":"","ocean_breadcrumbs_separator_color":"","ocean_breadcrumbs_links_color":"","ocean_breadcrumbs_links_hover_color":"","ocean_display_footer_widgets":"off","ocean_display_footer_bottom":"off","ocean_custom_footer_template":"0"},"yoast_head":"<!-- This site is optimized with the Yoast SEO Premium plugin v20.9 (Yoast SEO v21.1) - https:\/\/yoast.com\/wordpress\/plugins\/seo\/ -->\n<title>Aktuelle News &amp; Insights | New Chapter<\/title>\n<meta name=\"description\" content=\"Informieren Sie sich \u00fcber Entwicklungen in Executive Search, Leadership und Personalmanagement. Aktuelle Insights von New Chapter.\" \/>\n<meta name=\"robots\" content=\"index, follow, max-snippet:-1, max-image-preview:large, max-video-preview:-1\" \/>\n<link rel=\"canonical\" href=\"https:\/\/newchapter.io\/en\/news\/\" \/>\n<meta property=\"og:locale\" content=\"en_US\" \/>\n<meta property=\"og:type\" content=\"article\" \/>\n<meta property=\"og:title\" content=\"News\" \/>\n<meta property=\"og:description\" content=\"Informieren Sie sich \u00fcber Entwicklungen in Executive Search, Leadership und Personalmanagement. Aktuelle Insights von New Chapter.\" \/>\n<meta property=\"og:url\" content=\"https:\/\/newchapter.io\/en\/news\/\" \/>\n<meta property=\"og:site_name\" content=\"New Chapter\" \/>\n<meta property=\"article:modified_time\" content=\"2025-08-18T07:35:21+00:00\" \/>\n<meta property=\"og:image\" content=\"https:\/\/newchapter.io\/wp-content\/uploads\/2021\/05\/LOGO_NewChapter-1024x372.png\" \/>\n<meta name=\"twitter:card\" content=\"summary_large_image\" \/>\n<meta name=\"twitter:label1\" content=\"Est. reading time\" \/>\n\t<meta name=\"twitter:data1\" content=\"20 minutes\" \/>\n<script type=\"application\/ld+json\" class=\"yoast-schema-graph\">{\"@context\":\"https:\/\/schema.org\",\"@graph\":[{\"@type\":\"WebPage\",\"@id\":\"https:\/\/newchapter.io\/en\/news\/\",\"url\":\"https:\/\/newchapter.io\/en\/news\/\",\"name\":\"Aktuelle News & Insights | New Chapter\",\"isPartOf\":{\"@id\":\"https:\/\/newchapter.io\/en\/#website\"},\"datePublished\":\"2024-05-14T11:28:49+00:00\",\"dateModified\":\"2025-08-18T07:35:21+00:00\",\"description\":\"Informieren Sie sich \u00fcber Entwicklungen in Executive Search, Leadership und Personalmanagement. Aktuelle Insights von New Chapter.\",\"breadcrumb\":{\"@id\":\"https:\/\/newchapter.io\/en\/news\/#breadcrumb\"},\"inLanguage\":\"en-US\",\"potentialAction\":[{\"@type\":\"ReadAction\",\"target\":[\"https:\/\/newchapter.io\/en\/news\/\"]}]},{\"@type\":\"BreadcrumbList\",\"@id\":\"https:\/\/newchapter.io\/en\/news\/#breadcrumb\",\"itemListElement\":[{\"@type\":\"ListItem\",\"position\":1,\"name\":\"Startseite\",\"item\":\"https:\/\/newchapter.io\/en\/\"},{\"@type\":\"ListItem\",\"position\":2,\"name\":\"News\"}]},{\"@type\":\"WebSite\",\"@id\":\"https:\/\/newchapter.io\/en\/#website\",\"url\":\"https:\/\/newchapter.io\/en\/\",\"name\":\"Start a New Chapter with New Chapter Executive Search\",\"description\":\"New Chapter Executive Search and Leadership Advisory is a female-led executive search boutique with a focus on healthcare\/VC and PE - Honest, Personal, Pragmatic and Diverse\",\"publisher\":{\"@id\":\"https:\/\/newchapter.io\/en\/#organization\"},\"alternateName\":\"New Chapter Executive Search and Leadership Advisory\",\"potentialAction\":[{\"@type\":\"SearchAction\",\"target\":{\"@type\":\"EntryPoint\",\"urlTemplate\":\"https:\/\/newchapter.io\/en\/?s={search_term_string}\"},\"query-input\":\"required name=search_term_string\"}],\"inLanguage\":\"en-US\"},{\"@type\":\"Organization\",\"@id\":\"https:\/\/newchapter.io\/en\/#organization\",\"name\":\"New Chapter Executive Search GmbH\",\"url\":\"https:\/\/newchapter.io\/en\/\",\"logo\":{\"@type\":\"ImageObject\",\"inLanguage\":\"en-US\",\"@id\":\"https:\/\/newchapter.io\/en\/#\/schema\/logo\/image\/\",\"url\":\"https:\/\/newchapter.io\/wp-content\/uploads\/2021\/05\/LOGO_NewChapter_RGB_Schwarz.png\",\"contentUrl\":\"https:\/\/newchapter.io\/wp-content\/uploads\/2021\/05\/LOGO_NewChapter_RGB_Schwarz.png\",\"width\":1375,\"height\":500,\"caption\":\"New Chapter Executive Search GmbH\"},\"image\":{\"@id\":\"https:\/\/newchapter.io\/en\/#\/schema\/logo\/image\/\"},\"sameAs\":[\"https:\/\/www.linkedin.com\/company\/new-chapter-gmbh\/\"]}]}<\/script>\n<!-- \/ Yoast SEO Premium plugin. -->","yoast_head_json":{"title":"Aktuelle News & Insights | New Chapter","description":"Informieren Sie sich \u00fcber Entwicklungen in Executive Search, Leadership und Personalmanagement. Aktuelle Insights von New Chapter.","robots":{"index":"index","follow":"follow","max-snippet":"max-snippet:-1","max-image-preview":"max-image-preview:large","max-video-preview":"max-video-preview:-1"},"canonical":"https:\/\/newchapter.io\/en\/news\/","og_locale":"en_US","og_type":"article","og_title":"News","og_description":"Informieren Sie sich \u00fcber Entwicklungen in Executive Search, Leadership und Personalmanagement. Aktuelle Insights von New Chapter.","og_url":"https:\/\/newchapter.io\/en\/news\/","og_site_name":"New Chapter","article_modified_time":"2025-08-18T07:35:21+00:00","og_image":[{"url":"https:\/\/newchapter.io\/wp-content\/uploads\/2021\/05\/LOGO_NewChapter-1024x372.png"}],"twitter_card":"summary_large_image","twitter_misc":{"Est. reading time":"20 minutes"},"schema":{"@context":"https:\/\/schema.org","@graph":[{"@type":"WebPage","@id":"https:\/\/newchapter.io\/en\/news\/","url":"https:\/\/newchapter.io\/en\/news\/","name":"Aktuelle News & Insights | New Chapter","isPartOf":{"@id":"https:\/\/newchapter.io\/en\/#website"},"datePublished":"2024-05-14T11:28:49+00:00","dateModified":"2025-08-18T07:35:21+00:00","description":"Informieren Sie sich \u00fcber Entwicklungen in Executive Search, Leadership und Personalmanagement. Aktuelle Insights von New Chapter.","breadcrumb":{"@id":"https:\/\/newchapter.io\/en\/news\/#breadcrumb"},"inLanguage":"en-US","potentialAction":[{"@type":"ReadAction","target":["https:\/\/newchapter.io\/en\/news\/"]}]},{"@type":"BreadcrumbList","@id":"https:\/\/newchapter.io\/en\/news\/#breadcrumb","itemListElement":[{"@type":"ListItem","position":1,"name":"Startseite","item":"https:\/\/newchapter.io\/en\/"},{"@type":"ListItem","position":2,"name":"News"}]},{"@type":"WebSite","@id":"https:\/\/newchapter.io\/en\/#website","url":"https:\/\/newchapter.io\/en\/","name":"Start a New Chapter with New Chapter Executive Search","description":"New Chapter Executive Search and Leadership Advisory is a female-led executive search boutique with a focus on healthcare\/VC and PE - Honest, Personal, Pragmatic and Diverse","publisher":{"@id":"https:\/\/newchapter.io\/en\/#organization"},"alternateName":"New Chapter Executive Search and Leadership Advisory","potentialAction":[{"@type":"SearchAction","target":{"@type":"EntryPoint","urlTemplate":"https:\/\/newchapter.io\/en\/?s={search_term_string}"},"query-input":"required name=search_term_string"}],"inLanguage":"en-US"},{"@type":"Organization","@id":"https:\/\/newchapter.io\/en\/#organization","name":"New Chapter Executive Search GmbH","url":"https:\/\/newchapter.io\/en\/","logo":{"@type":"ImageObject","inLanguage":"en-US","@id":"https:\/\/newchapter.io\/en\/#\/schema\/logo\/image\/","url":"https:\/\/newchapter.io\/wp-content\/uploads\/2021\/05\/LOGO_NewChapter_RGB_Schwarz.png","contentUrl":"https:\/\/newchapter.io\/wp-content\/uploads\/2021\/05\/LOGO_NewChapter_RGB_Schwarz.png","width":1375,"height":500,"caption":"New Chapter Executive Search GmbH"},"image":{"@id":"https:\/\/newchapter.io\/en\/#\/schema\/logo\/image\/"},"sameAs":["https:\/\/www.linkedin.com\/company\/new-chapter-gmbh\/"]}]}},"_links":{"self":[{"href":"https:\/\/newchapter.io\/en\/wp-json\/wp\/v2\/pages\/6788"}],"collection":[{"href":"https:\/\/newchapter.io\/en\/wp-json\/wp\/v2\/pages"}],"about":[{"href":"https:\/\/newchapter.io\/en\/wp-json\/wp\/v2\/types\/page"}],"author":[{"embeddable":true,"href":"https:\/\/newchapter.io\/en\/wp-json\/wp\/v2\/users\/1"}],"replies":[{"embeddable":true,"href":"https:\/\/newchapter.io\/en\/wp-json\/wp\/v2\/comments?post=6788"}],"version-history":[{"count":46,"href":"https:\/\/newchapter.io\/en\/wp-json\/wp\/v2\/pages\/6788\/revisions"}],"predecessor-version":[{"id":8709,"href":"https:\/\/newchapter.io\/en\/wp-json\/wp\/v2\/pages\/6788\/revisions\/8709"}],"wp:attachment":[{"href":"https:\/\/newchapter.io\/en\/wp-json\/wp\/v2\/media?parent=6788"}],"curies":[{"name":"wp","href":"https:\/\/api.w.org\/{rel}","templated":true}]}}